{"version":"1.0","provider_name":"Col\u00b7legi Claret","provider_url":"https:\/\/claretsabadell.cat\/es\/","author_name":"caparicio","author_url":"https:\/\/claretsabadell.cat\/es\/author\/caparicio\/","title":"Les olimp\u00edades del Claret - Col\u00b7legi Claret","type":"rich","width":600,"height":338,"html":"<blockquote class=\"wp-embedded-content\" data-secret=\"rmSVxaXtf1\"><a href=\"https:\/\/claretsabadell.cat\/es\/les-olimpiades-del-claret\/\">Les olimp\u00edades del Claret<\/a><\/blockquote><iframe sandbox=\"allow-scripts\" security=\"restricted\" src=\"https:\/\/claretsabadell.cat\/es\/les-olimpiades-del-claret\/embed\/#?secret=rmSVxaXtf1\" width=\"600\" height=\"338\" title=\"\u00abLes olimp\u00edades del Claret\u00bb \u2014 Col\u00b7legi Claret\" data-secret=\"rmSVxaXtf1\" frameborder=\"0\" marginwidth=\"0\" marginheight=\"0\" scrolling=\"no\" class=\"wp-embedded-content\"><\/iframe><script>\n\/*! This file is auto-generated *\/\n!function(d,l){\"use strict\";l.querySelector&&d.addEventListener&&\"undefined\"!=typeof URL&&(d.wp=d.wp||{},d.wp.receiveEmbedMessage||(d.wp.receiveEmbedMessage=function(e){var t=e.data;if((t||t.secret||t.message||t.value)&&!\/[^a-zA-Z0-9]\/.test(t.secret)){for(var s,r,n,a=l.querySelectorAll('iframe[data-secret=\"'+t.secret+'\"]'),o=l.querySelectorAll('blockquote[data-secret=\"'+t.secret+'\"]'),c=new RegExp(\"^https?:$\",\"i\"),i=0;i<o.length;i++)o[i].style.display=\"none\";for(i=0;i<a.length;i++)s=a[i],e.source===s.contentWindow&&(s.removeAttribute(\"style\"),\"height\"===t.message?(1e3<(r=parseInt(t.value,10))?r=1e3:~~r<200&&(r=200),s.height=r):\"link\"===t.message&&(r=new URL(s.getAttribute(\"src\")),n=new URL(t.value),c.test(n.protocol))&&n.host===r.host&&l.activeElement===s&&(d.top.location.href=t.value))}},d.addEventListener(\"message\",d.wp.receiveEmbedMessage,!1),l.addEventListener(\"DOMContentLoaded\",function(){for(var e,t,s=l.querySelectorAll(\"iframe.wp-embedded-content\"),r=0;r<s.length;r++)(t=(e=s[r]).getAttribute(\"data-secret\"))||(t=Math.random().toString(36).substring(2,12),e.src+=\"#?secret=\"+t,e.setAttribute(\"data-secret\",t)),e.contentWindow.postMessage({message:\"ready\",secret:t},\"*\")},!1)))}(window,document);\n\/\/# sourceURL=https:\/\/claretsabadell.cat\/wp-includes\/js\/wp-embed.min.js\n<\/script>\n","description":"El passat dissabte 28, la nostra escola\u00a0 va celebrar les IX olimp\u00edades d&#8217;atletisme. En un espai magn\u00edfic com \u00e9s la Pista Coberta d\u00b4Atletisme de Catalunya, els alumnes van viure i conviure uns valors que s\u00f3n molt importants per a la seva maduresa f\u00edsica i emocional (esfor\u00e7, generositat, cooperaci\u00f3 \u2026) A les 10 del mat\u00ed, una [&hellip;]","thumbnail_url":"https:\/\/claretsabadell.cat\/wp-content\/uploads\/2016\/05\/IMG-20160529-WA0029-300x169.jpg"}