{"id":7421,"date":"2020-05-20T12:01:52","date_gmt":"2020-05-20T10:01:52","guid":{"rendered":"https:\/\/claretsabadell.cat\/serveis-de-lescola\/"},"modified":"2026-04-29T14:14:21","modified_gmt":"2026-04-29T12:14:21","slug":"servicios","status":"publish","type":"page","link":"https:\/\/claretsabadell.cat\/es\/servicios\/","title":{"rendered":"Servicios del colegio"},"content":{"rendered":"\t\t<div data-elementor-type=\"wp-page\" data-elementor-id=\"7421\" class=\"elementor elementor-7421 elementor-4999\" data-elementor-post-type=\"page\">\n\t\t\t\t<div class=\"elementor-element elementor-element-21f752e e-con-full e-flex e-con e-parent\" data-id=\"21f752e\" data-element_type=\"container\" data-settings=\"{&quot;background_background&quot;:&quot;classic&quot;}\">\n\t\t\t\t<div class=\"elementor-element elementor-element-0956756 elementor-widget elementor-widget-spacer\" data-id=\"0956756\" data-element_type=\"widget\" data-widget_type=\"spacer.default\">\n\t\t\t\t<div class=\"elementor-widget-container\">\n\t\t\t\t\t\t\t<div class=\"elementor-spacer\">\n\t\t\t<div class=\"elementor-spacer-inner\"><\/div>\n\t\t<\/div>\n\t\t\t\t\t\t<\/div>\n\t\t\t\t<\/div>\n\t\t\t\t<div class=\"elementor-element elementor-element-4c6fecc elementor-widget elementor-widget-heading\" data-id=\"4c6fecc\" data-element_type=\"widget\" data-widget_type=\"heading.default\">\n\t\t\t\t<div class=\"elementor-widget-container\">\n\t\t\t\t\t<h1 class=\"elementor-heading-title elementor-size-default\">Servicios del colegio<\/h1>\t\t\t\t<\/div>\n\t\t\t\t<\/div>\n\t\t\t\t<div class=\"elementor-element elementor-element-ed78fd5 elementor-widget-divider--view-line elementor-widget elementor-widget-divider\" data-id=\"ed78fd5\" data-element_type=\"widget\" data-widget_type=\"divider.default\">\n\t\t\t\t<div class=\"elementor-widget-container\">\n\t\t\t\t\t\t\t<div class=\"elementor-divider\">\n\t\t\t<span class=\"elementor-divider-separator\">\n\t\t\t\t\t\t<\/span>\n\t\t<\/div>\n\t\t\t\t\t\t<\/div>\n\t\t\t\t<\/div>\n\t\t\t\t<\/div>\n\t\t<div class=\"elementor-element elementor-element-f76279b e-con-full e-flex e-con e-parent\" data-id=\"f76279b\" data-element_type=\"container\" id=\"acogida\" data-settings=\"{&quot;shape_divider_bottom&quot;:&quot;triangle-asymmetrical&quot;,&quot;shape_divider_bottom_negative&quot;:&quot;yes&quot;}\">\n\t\t\t\t<div class=\"elementor-shape elementor-shape-bottom\" aria-hidden=\"true\" data-negative=\"true\">\n\t\t\t<svg xmlns=\"http:\/\/www.w3.org\/2000\/svg\" viewBox=\"0 0 1000 100\" preserveAspectRatio=\"none\">\n\t<path class=\"elementor-shape-fill\" d=\"M737.9,94.7L0,0v100h1000V0L737.9,94.7z\"\/>\n<\/svg>\t\t<\/div>\n\t\t<div class=\"elementor-element elementor-element-3081d1e e-flex e-con-boxed e-con e-child\" data-id=\"3081d1e\" data-element_type=\"container\">\n\t\t\t\t\t<div class=\"e-con-inner\">\n\t\t<div class=\"elementor-element elementor-element-ce59d22 e-flex e-con-boxed e-con e-child\" data-id=\"ce59d22\" data-element_type=\"container\">\n\t\t\t\t\t<div class=\"e-con-inner\">\n\t\t\t\t<div class=\"elementor-element elementor-element-602bafe elementor-position-left elementor-vertical-align-middle elementor-widget elementor-widget-image-box\" data-id=\"602bafe\" data-element_type=\"widget\" data-widget_type=\"image-box.default\">\n\t\t\t\t<div class=\"elementor-widget-container\">\n\t\t\t\t\t<div class=\"elementor-image-box-wrapper\"><figure class=\"elementor-image-box-img\"><img decoding=\"async\" width=\"32\" height=\"32\" data-src=\"https:\/\/claretsabadell.cat\/wp-content\/uploads\/2024\/03\/svgexport-5.svg\" class=\"attachment-full size-full wp-image-7355 lazyload\" alt=\"Acollida\" src=\"data:image\/svg+xml;base64,PHN2ZyB3aWR0aD0iMSIgaGVpZ2h0PSIxIiB4bWxucz0iaHR0cDovL3d3dy53My5vcmcvMjAwMC9zdmciPjwvc3ZnPg==\" style=\"--smush-placeholder-width: 32px; --smush-placeholder-aspect-ratio: 32\/32;\" \/><\/figure><div class=\"elementor-image-box-content\"><h4 class=\"elementor-image-box-title\">Acogida<\/h4><\/div><\/div>\t\t\t\t<\/div>\n\t\t\t\t<\/div>\n\t\t\t\t<div class=\"elementor-element elementor-element-51e20f6 elementor-widget elementor-widget-text-editor\" data-id=\"51e20f6\" data-element_type=\"widget\" data-widget_type=\"text-editor.default\">\n\t\t\t\t<div class=\"elementor-widget-container\">\n\t\t\t\t\t\t\t\t\t<p>La acogida est\u00e1 pensada para todas aquellas familias que, de manera fija o espor\u00e1dica, necesiten traer a sus hijos a la escuela antes de que \u00e9sta abra las puertas a las 8:45 h. En este rato se ofrece un espacio agradable y l\u00fadico donde los ni\u00f1os pueden jugar, dibujar, mirar cuentos&#8230; y desayunar en compa\u00f1\u00eda de una maestra de la escuela.<\/p>\n\t\t\t\t\t\t\t\t<\/div>\n\t\t\t\t<\/div>\n\t\t\t\t<div class=\"elementor-element elementor-element-4ff8c4a elementor-widget elementor-widget-text-editor\" data-id=\"4ff8c4a\" data-element_type=\"widget\" data-widget_type=\"text-editor.default\">\n\t\t\t\t<div class=\"elementor-widget-container\">\n\t\t\t\t\t\t\t\t\t<p><b>El horario de acogida de las ma\u00f1anas es, de lunes a viernes, de 7,30 a 8,45h.<\/b><\/p>\n\t\t\t\t\t\t\t\t<\/div>\n\t\t\t\t<\/div>\n\t\t\t\t\t<\/div>\n\t\t\t\t<\/div>\n\t\t<div class=\"elementor-element elementor-element-8c70f46 e-flex e-con-boxed e-con e-child\" data-id=\"8c70f46\" data-element_type=\"container\">\n\t\t\t\t\t<div class=\"e-con-inner\">\n\t\t\t\t<div class=\"elementor-element elementor-element-5bc9fe4 elementor-widget elementor-widget-image\" data-id=\"5bc9fe4\" data-element_type=\"widget\" data-widget_type=\"image.default\">\n\t\t\t\t<div class=\"elementor-widget-container\">\n\t\t\t\t\t\t\t\t\t\t\t\t\t\t\t<img fetchpriority=\"high\" decoding=\"async\" width=\"800\" height=\"527\" src=\"https:\/\/claretsabadell.cat\/wp-content\/uploads\/2020\/05\/acollida-1024x674.png\" class=\"attachment-large size-large wp-image-5183\" alt=\"acollida\" srcset=\"https:\/\/claretsabadell.cat\/wp-content\/uploads\/2020\/05\/acollida-1024x674.png 1024w, https:\/\/claretsabadell.cat\/wp-content\/uploads\/2020\/05\/acollida-300x197.png 300w, https:\/\/claretsabadell.cat\/wp-content\/uploads\/2020\/05\/acollida-768x505.png 768w, https:\/\/claretsabadell.cat\/wp-content\/uploads\/2020\/05\/acollida.png 1301w\" sizes=\"(max-width: 800px) 100vw, 800px\" \/>\t\t\t\t\t\t\t\t\t\t\t\t\t\t\t<\/div>\n\t\t\t\t<\/div>\n\t\t\t\t\t<\/div>\n\t\t\t\t<\/div>\n\t\t\t\t\t<\/div>\n\t\t\t\t<\/div>\n\t\t\t\t<\/div>\n\t\t<div class=\"elementor-element elementor-element-781cee1 e-con-full e-flex e-con e-parent\" data-id=\"781cee1\" data-element_type=\"container\" id=\"comedor\" data-settings=\"{&quot;background_background&quot;:&quot;classic&quot;,&quot;shape_divider_bottom&quot;:&quot;triangle-asymmetrical&quot;,&quot;shape_divider_bottom_negative&quot;:&quot;yes&quot;}\">\n\t\t\t\t<div class=\"elementor-shape elementor-shape-bottom\" aria-hidden=\"true\" data-negative=\"true\">\n\t\t\t<svg xmlns=\"http:\/\/www.w3.org\/2000\/svg\" viewBox=\"0 0 1000 100\" preserveAspectRatio=\"none\">\n\t<path class=\"elementor-shape-fill\" d=\"M737.9,94.7L0,0v100h1000V0L737.9,94.7z\"\/>\n<\/svg>\t\t<\/div>\n\t\t<div class=\"elementor-element elementor-element-0b5267c e-flex e-con-boxed e-con e-child\" data-id=\"0b5267c\" data-element_type=\"container\">\n\t\t\t\t\t<div class=\"e-con-inner\">\n\t\t<div class=\"elementor-element elementor-element-d9f0f35 e-flex e-con-boxed e-con e-child\" data-id=\"d9f0f35\" data-element_type=\"container\">\n\t\t\t\t\t<div class=\"e-con-inner\">\n\t\t\t\t<div class=\"elementor-element elementor-element-df0fbe1 elementor-position-left elementor-vertical-align-middle elementor-widget elementor-widget-image-box\" data-id=\"df0fbe1\" data-element_type=\"widget\" data-widget_type=\"image-box.default\">\n\t\t\t\t<div class=\"elementor-widget-container\">\n\t\t\t\t\t<div class=\"elementor-image-box-wrapper\"><figure class=\"elementor-image-box-img\"><img decoding=\"async\" width=\"32\" height=\"32\" data-src=\"https:\/\/claretsabadell.cat\/wp-content\/uploads\/2024\/03\/svgexport-7.svg\" class=\"attachment-full size-full wp-image-7357 lazyload\" alt=\"Menjador\" src=\"data:image\/svg+xml;base64,PHN2ZyB3aWR0aD0iMSIgaGVpZ2h0PSIxIiB4bWxucz0iaHR0cDovL3d3dy53My5vcmcvMjAwMC9zdmciPjwvc3ZnPg==\" style=\"--smush-placeholder-width: 32px; --smush-placeholder-aspect-ratio: 32\/32;\" \/><\/figure><div class=\"elementor-image-box-content\"><h3 class=\"elementor-image-box-title\">Comedor<\/h3><\/div><\/div>\t\t\t\t<\/div>\n\t\t\t\t<\/div>\n\t\t\t\t<div class=\"elementor-element elementor-element-4cd6389 elementor-widget elementor-widget-text-editor\" data-id=\"4cd6389\" data-element_type=\"widget\" data-widget_type=\"text-editor.default\">\n\t\t\t\t<div class=\"elementor-widget-container\">\n\t\t\t\t\t\t\t\t\t<p class=\"p1\"><span class=\"s1\">Disponemos de una cocina totalmente equipada y autosuficiente para hacer la comida de los alumnos, siguiendo los men\u00fas que proponen los nutricionistas y dietistas de la empresa<span class=\"Apple-converted-space\">\u00a0\u00a0<\/span>\u00abAliment Art\u00bb, consensuados con el responsable de comedor y la cocinera de la escuela.\u00a0Se adaptan los men\u00fas a las diferentes tipolog\u00edas de alergias, intolerancias alimentarias y otros.<\/span><\/p>\n<p class=\"p1\"><span class=\"s1\">El servicio de comedor del Claret com<\/span><span class=\"s1\">bina el tiempo necesario para comer con ratos de recreo, actividades dirigidas y tiempo libre. Son momentos importantes en el desarrollo de los ni\u00f1os que contribuyen a su formaci\u00f3n social y personal.<\/span><\/p>\n\t\t\t\t\t\t\t\t<\/div>\n\t\t\t\t<\/div>\n\t\t\t\t<div class=\"elementor-element elementor-element-700a980 elementor-widget elementor-widget-text-editor\" data-id=\"700a980\" data-element_type=\"widget\" data-widget_type=\"text-editor.default\">\n\t\t\t\t<div class=\"elementor-widget-container\">\n\t\t\t\t\t\t\t\t\t<p>Ver men\u00fa de abril <a href=\"https:\/\/claretsabadell.cat\/wp-content\/uploads\/2026\/03\/menu-basal-abril-2026.pdf\" target=\"_blank\" rel=\"noopener\"><strong>aqu\u00ed<\/strong><\/a><\/p><p>Ver derivadas del men\u00fa de abril <a href=\"https:\/\/claretsabadell.cat\/wp-content\/uploads\/2026\/03\/menus-derivades-abril-2026.pdf\" target=\"_blank\" rel=\"noopener\"><strong>aqu\u00ed<\/strong><\/a><\/p><p>Ver men\u00fa de abril del jard\u00edn de infancia <a href=\"https:\/\/claretsabadell.cat\/wp-content\/uploads\/2026\/03\/menu-llar-dabril.pdf\" target=\"_blank\" rel=\"noopener\"><strong>aqu\u00ed<\/strong><\/a><\/p><p>Ver men\u00fa de mayo <a href=\"https:\/\/claretsabadell.cat\/wp-content\/uploads\/2026\/04\/menu-basal-maig-2026.pdf\" target=\"_blank\" rel=\"noopener\"><strong>aqu\u00ed<\/strong><\/a><\/p><p>Ver derivadas del men\u00fa de mayo <a href=\"https:\/\/claretsabadell.cat\/wp-content\/uploads\/2026\/04\/menus-derivades-maig-2026.pdf\" target=\"_blank\" rel=\"noopener\"><strong>aqu\u00ed<\/strong><\/a><\/p><p>Ver men\u00fa de mayo del jard\u00edn de infancia <a href=\"https:\/\/claretsabadell.cat\/wp-content\/uploads\/2026\/04\/menu-maig-llar-infants.pdf\" target=\"_blank\" rel=\"noopener\"><strong>aqu\u00ed<\/strong><\/a><\/p>\t\t\t\t\t\t\t\t<\/div>\n\t\t\t\t<\/div>\n\t\t\t\t<div class=\"elementor-element elementor-element-c06fe6e elementor-widget elementor-widget-accordion\" data-id=\"c06fe6e\" data-element_type=\"widget\" data-widget_type=\"accordion.default\">\n\t\t\t\t<div class=\"elementor-widget-container\">\n\t\t\t\t\t\t\t<div class=\"elementor-accordion\">\n\t\t\t\t\t\t\t<div class=\"elementor-accordion-item\">\n\t\t\t\t\t<div id=\"elementor-tab-title-2011\" class=\"elementor-tab-title\" data-tab=\"1\" role=\"button\" aria-controls=\"elementor-tab-content-2011\" aria-expanded=\"false\">\n\t\t\t\t\t\t\t\t\t\t\t\t\t<span class=\"elementor-accordion-icon elementor-accordion-icon-right\" aria-hidden=\"true\">\n\t\t\t\t\t\t\t\t\t\t\t\t\t\t\t<span class=\"elementor-accordion-icon-closed\"><svg class=\"e-font-icon-svg e-fas-plus\" viewBox=\"0 0 448 512\" xmlns=\"http:\/\/www.w3.org\/2000\/svg\"><path d=\"M416 208H272V64c0-17.67-14.33-32-32-32h-32c-17.67 0-32 14.33-32 32v144H32c-17.67 0-32 14.33-32 32v32c0 17.67 14.33 32 32 32h144v144c0 17.67 14.33 32 32 32h32c17.67 0 32-14.33 32-32V304h144c17.67 0 32-14.33 32-32v-32c0-17.67-14.33-32-32-32z\"><\/path><\/svg><\/span>\n\t\t\t\t\t\t\t\t<span class=\"elementor-accordion-icon-opened\"><svg class=\"e-font-icon-svg e-fas-minus\" viewBox=\"0 0 448 512\" xmlns=\"http:\/\/www.w3.org\/2000\/svg\"><path d=\"M416 208H32c-17.67 0-32 14.33-32 32v32c0 17.67 14.33 32 32 32h384c17.67 0 32-14.33 32-32v-32c0-17.67-14.33-32-32-32z\"><\/path><\/svg><\/span>\n\t\t\t\t\t\t\t\t\t\t\t\t\t\t<\/span>\n\t\t\t\t\t\t\t\t\t\t\t\t<a class=\"elementor-accordion-title\" tabindex=\"0\">Antes y durante el tiempo de la comida<\/a>\n\t\t\t\t\t<\/div>\n\t\t\t\t\t<div id=\"elementor-tab-content-2011\" class=\"elementor-tab-content elementor-clearfix\" data-tab=\"1\" role=\"region\" aria-labelledby=\"elementor-tab-title-2011\"><ul>\n<li>Ir al ba\u00f1o antes de comer.<\/li>\n<li>Lavarse las manos antes de comer.<\/li>\n<li>Sentarse correctamente.<\/li>\n<li>Masticar con la boca cerrada y beber poco a poco.<\/li>\n<li>Secarse con la servilleta.<\/li>\n<li>Utilizar los cubiertos adecuadamente.<\/li>\n<li>Comprender que se debe comer de todo.<\/li>\n<li>No levantarse durante la comida.<\/li>\n<li>Utilizar un tono de voz adecuado<\/li>\n<li>Dejar la silla correctamente en su sitio.<\/li>\n<li>Recoger la bandeja despu\u00e9s de comer (a partir de 1\u00ba de Primaria)<\/li>\n<li>Guardar cada utensilio en el lugar correspondiente.<\/li>\n<li>Lavarse los dientes despu\u00e9s de comer.<\/li>\n<\/ul>\n<\/div>\n\t\t\t\t<\/div>\n\t\t\t\t\t\t\t<div class=\"elementor-accordion-item\">\n\t\t\t\t\t<div id=\"elementor-tab-title-2012\" class=\"elementor-tab-title\" data-tab=\"2\" role=\"button\" aria-controls=\"elementor-tab-content-2012\" aria-expanded=\"false\">\n\t\t\t\t\t\t\t\t\t\t\t\t\t<span class=\"elementor-accordion-icon elementor-accordion-icon-right\" aria-hidden=\"true\">\n\t\t\t\t\t\t\t\t\t\t\t\t\t\t\t<span class=\"elementor-accordion-icon-closed\"><svg class=\"e-font-icon-svg e-fas-plus\" viewBox=\"0 0 448 512\" xmlns=\"http:\/\/www.w3.org\/2000\/svg\"><path d=\"M416 208H272V64c0-17.67-14.33-32-32-32h-32c-17.67 0-32 14.33-32 32v144H32c-17.67 0-32 14.33-32 32v32c0 17.67 14.33 32 32 32h144v144c0 17.67 14.33 32 32 32h32c17.67 0 32-14.33 32-32V304h144c17.67 0 32-14.33 32-32v-32c0-17.67-14.33-32-32-32z\"><\/path><\/svg><\/span>\n\t\t\t\t\t\t\t\t<span class=\"elementor-accordion-icon-opened\"><svg class=\"e-font-icon-svg e-fas-minus\" viewBox=\"0 0 448 512\" xmlns=\"http:\/\/www.w3.org\/2000\/svg\"><path d=\"M416 208H32c-17.67 0-32 14.33-32 32v32c0 17.67 14.33 32 32 32h384c17.67 0 32-14.33 32-32v-32c0-17.67-14.33-32-32-32z\"><\/path><\/svg><\/span>\n\t\t\t\t\t\t\t\t\t\t\t\t\t\t<\/span>\n\t\t\t\t\t\t\t\t\t\t\t\t<a class=\"elementor-accordion-title\" tabindex=\"0\">Recreo - Tiempo libre - Actividades dirigidas<\/a>\n\t\t\t\t\t<\/div>\n\t\t\t\t\t<div id=\"elementor-tab-content-2012\" class=\"elementor-tab-content elementor-clearfix\" data-tab=\"2\" role=\"region\" aria-labelledby=\"elementor-tab-title-2012\"><ul>\n<li class=\"li1\"><span class=\"s2\">Aprender a disfrutar de los juegos.<\/span><\/li>\n<li class=\"li1\"><span class=\"s2\">Desarrollar la creatividad y la imaginaci\u00f3n.<\/span><\/li>\n<li class=\"li1\"><span class=\"s2\">Aceptar las propias limitaciones y las de los dem\u00e1s.<\/span><\/li>\n<li class=\"li1\"><span class=\"s2\">Descubrir el juego como camino de relajaci\u00f3n.<\/span><\/li>\n<li class=\"li1\"><span class=\"s2\">Aceptar y cumplir las normas.<\/span><\/li>\n<li class=\"li1\"><span class=\"s2\">Utilizar, respetar y recoger los juguetes.<\/span><\/li>\n<li class=\"li1\"><span class=\"s2\">Aceptar los propios errores y los de los dem\u00e1s.<\/span><\/li>\n<li class=\"li1\"><span class=\"s2\">Propiciar el di\u00e1logo para compartir las propuestas de juego.<\/span><\/li>\n<li class=\"li1\"><span class=\"s2\">Compartir juguetes y materiales<\/span><\/li>\n<li><\/li>\n<\/ul>\n<\/div>\n\t\t\t\t<\/div>\n\t\t\t\t\t\t\t<div class=\"elementor-accordion-item\">\n\t\t\t\t\t<div id=\"elementor-tab-title-2013\" class=\"elementor-tab-title\" data-tab=\"3\" role=\"button\" aria-controls=\"elementor-tab-content-2013\" aria-expanded=\"false\">\n\t\t\t\t\t\t\t\t\t\t\t\t\t<span class=\"elementor-accordion-icon elementor-accordion-icon-right\" aria-hidden=\"true\">\n\t\t\t\t\t\t\t\t\t\t\t\t\t\t\t<span class=\"elementor-accordion-icon-closed\"><svg class=\"e-font-icon-svg e-fas-plus\" viewBox=\"0 0 448 512\" xmlns=\"http:\/\/www.w3.org\/2000\/svg\"><path d=\"M416 208H272V64c0-17.67-14.33-32-32-32h-32c-17.67 0-32 14.33-32 32v144H32c-17.67 0-32 14.33-32 32v32c0 17.67 14.33 32 32 32h144v144c0 17.67 14.33 32 32 32h32c17.67 0 32-14.33 32-32V304h144c17.67 0 32-14.33 32-32v-32c0-17.67-14.33-32-32-32z\"><\/path><\/svg><\/span>\n\t\t\t\t\t\t\t\t<span class=\"elementor-accordion-icon-opened\"><svg class=\"e-font-icon-svg e-fas-minus\" viewBox=\"0 0 448 512\" xmlns=\"http:\/\/www.w3.org\/2000\/svg\"><path d=\"M416 208H32c-17.67 0-32 14.33-32 32v32c0 17.67 14.33 32 32 32h384c17.67 0 32-14.33 32-32v-32c0-17.67-14.33-32-32-32z\"><\/path><\/svg><\/span>\n\t\t\t\t\t\t\t\t\t\t\t\t\t\t<\/span>\n\t\t\t\t\t\t\t\t\t\t\t\t<a class=\"elementor-accordion-title\" tabindex=\"0\">Espec\u00edfico I3<\/a>\n\t\t\t\t\t<\/div>\n\t\t\t\t\t<div id=\"elementor-tab-content-2013\" class=\"elementor-tab-content elementor-clearfix\" data-tab=\"3\" role=\"region\" aria-labelledby=\"elementor-tab-title-2013\"><p class=\"p1\"><span class=\"s1\">En I3 se dedica un rato a la siesta y los h\u00e1bitos de autonom\u00eda personal<\/span><\/p><ul class=\"ul1\"><li class=\"li2\"><span class=\"s3\">Quitarse los zapatos antes de ir a dormir.<\/span><\/li><li class=\"li2\"><span class=\"s3\">Quedarse quieto y tranquilo para conciliar el sue\u00f1o.<\/span><\/li><li class=\"li2\"><span class=\"s3\">Ponerse los zapatos al levantarse.<\/span><\/li><\/ul><\/div>\n\t\t\t\t<\/div>\n\t\t\t\t\t\t\t\t<\/div>\n\t\t\t\t\t\t<\/div>\n\t\t\t\t<\/div>\n\t\t\t\t\t<\/div>\n\t\t\t\t<\/div>\n\t\t<div class=\"elementor-element elementor-element-c420fdb e-flex e-con-boxed e-con e-child\" data-id=\"c420fdb\" data-element_type=\"container\">\n\t\t\t\t\t<div class=\"e-con-inner\">\n\t\t\t\t<div class=\"elementor-element elementor-element-4954c2a elementor-widget elementor-widget-image\" data-id=\"4954c2a\" data-element_type=\"widget\" data-widget_type=\"image.default\">\n\t\t\t\t<div class=\"elementor-widget-container\">\n\t\t\t\t\t\t\t\t\t\t\t\t\t\t\t<img decoding=\"async\" width=\"800\" height=\"527\" data-src=\"https:\/\/claretsabadell.cat\/wp-content\/uploads\/2020\/05\/menjador-1024x674.png\" class=\"attachment-large size-large wp-image-5184 lazyload\" alt=\"menjador\" data-srcset=\"https:\/\/claretsabadell.cat\/wp-content\/uploads\/2020\/05\/menjador-1024x674.png 1024w, https:\/\/claretsabadell.cat\/wp-content\/uploads\/2020\/05\/menjador-300x197.png 300w, https:\/\/claretsabadell.cat\/wp-content\/uploads\/2020\/05\/menjador-768x505.png 768w, https:\/\/claretsabadell.cat\/wp-content\/uploads\/2020\/05\/menjador.png 1301w\" data-sizes=\"(max-width: 800px) 100vw, 800px\" src=\"data:image\/svg+xml;base64,PHN2ZyB3aWR0aD0iMSIgaGVpZ2h0PSIxIiB4bWxucz0iaHR0cDovL3d3dy53My5vcmcvMjAwMC9zdmciPjwvc3ZnPg==\" style=\"--smush-placeholder-width: 800px; --smush-placeholder-aspect-ratio: 800\/527;\" \/>\t\t\t\t\t\t\t\t\t\t\t\t\t\t\t<\/div>\n\t\t\t\t<\/div>\n\t\t\t\t\t<\/div>\n\t\t\t\t<\/div>\n\t\t\t\t\t<\/div>\n\t\t\t\t<\/div>\n\t\t\t\t<\/div>\n\t\t<div class=\"elementor-element elementor-element-9f44ce1 e-con-full e-flex e-con e-parent\" data-id=\"9f44ce1\" data-element_type=\"container\" id=\"transporte\" data-settings=\"{&quot;shape_divider_bottom&quot;:&quot;triangle-asymmetrical&quot;,&quot;shape_divider_bottom_negative&quot;:&quot;yes&quot;}\">\n\t\t\t\t<div class=\"elementor-shape elementor-shape-bottom\" aria-hidden=\"true\" data-negative=\"true\">\n\t\t\t<svg xmlns=\"http:\/\/www.w3.org\/2000\/svg\" viewBox=\"0 0 1000 100\" preserveAspectRatio=\"none\">\n\t<path class=\"elementor-shape-fill\" d=\"M737.9,94.7L0,0v100h1000V0L737.9,94.7z\"\/>\n<\/svg>\t\t<\/div>\n\t\t<div class=\"elementor-element elementor-element-56922da e-flex e-con-boxed e-con e-child\" data-id=\"56922da\" data-element_type=\"container\">\n\t\t\t\t\t<div class=\"e-con-inner\">\n\t\t<div class=\"elementor-element elementor-element-160af5b e-flex e-con-boxed e-con e-child\" data-id=\"160af5b\" data-element_type=\"container\">\n\t\t\t\t\t<div class=\"e-con-inner\">\n\t\t\t\t<div class=\"elementor-element elementor-element-5a54523 elementor-position-left elementor-vertical-align-middle elementor-widget elementor-widget-image-box\" data-id=\"5a54523\" data-element_type=\"widget\" data-widget_type=\"image-box.default\">\n\t\t\t\t<div class=\"elementor-widget-container\">\n\t\t\t\t\t<div class=\"elementor-image-box-wrapper\"><figure class=\"elementor-image-box-img\"><img decoding=\"async\" width=\"32\" height=\"32\" data-src=\"https:\/\/claretsabadell.cat\/wp-content\/uploads\/2024\/03\/svgexport-8.svg\" class=\"attachment-full size-full wp-image-7359 lazyload\" alt=\"Transport\" src=\"data:image\/svg+xml;base64,PHN2ZyB3aWR0aD0iMSIgaGVpZ2h0PSIxIiB4bWxucz0iaHR0cDovL3d3dy53My5vcmcvMjAwMC9zdmciPjwvc3ZnPg==\" style=\"--smush-placeholder-width: 32px; --smush-placeholder-aspect-ratio: 32\/32;\" \/><\/figure><div class=\"elementor-image-box-content\"><h3 class=\"elementor-image-box-title\">Transporte<\/h3><\/div><\/div>\t\t\t\t<\/div>\n\t\t\t\t<\/div>\n\t\t\t\t<div class=\"elementor-element elementor-element-47176b3 elementor-widget elementor-widget-text-editor\" data-id=\"47176b3\" data-element_type=\"widget\" data-widget_type=\"text-editor.default\">\n\t\t\t\t<div class=\"elementor-widget-container\">\n\t\t\t\t\t\t\t\t\t<p><strong>El transporte escolar del colegio est\u00e1 a cargo de:<\/strong><\/p>\n\t\t\t\t\t\t\t\t<\/div>\n\t\t\t\t<\/div>\n\t\t\t\t<div class=\"elementor-element elementor-element-95619ed elementor-position-inline-start elementor-mobile-position-inline-start elementor-view-default elementor-widget elementor-widget-icon-box\" data-id=\"95619ed\" data-element_type=\"widget\" data-widget_type=\"icon-box.default\">\n\t\t\t\t<div class=\"elementor-widget-container\">\n\t\t\t\t\t\t\t<div class=\"elementor-icon-box-wrapper\">\n\n\t\t\t\t\t\t<div class=\"elementor-icon-box-icon\">\n\t\t\t\t<span  class=\"elementor-icon\">\n\t\t\t\t<svg aria-hidden=\"true\" class=\"e-font-icon-svg e-fas-chevron-circle-right\" viewBox=\"0 0 512 512\" xmlns=\"http:\/\/www.w3.org\/2000\/svg\"><path d=\"M256 8c137 0 248 111 248 248S393 504 256 504 8 393 8 256 119 8 256 8zm113.9 231L234.4 103.5c-9.4-9.4-24.6-9.4-33.9 0l-17 17c-9.4 9.4-9.4 24.6 0 33.9L285.1 256 183.5 357.6c-9.4 9.4-9.4 24.6 0 33.9l17 17c9.4 9.4 24.6 9.4 33.9 0L369.9 273c9.4-9.4 9.4-24.6 0-34z\"><\/path><\/svg>\t\t\t\t<\/span>\n\t\t\t<\/div>\n\t\t\t\n\t\t\t\t\t\t<div class=\"elementor-icon-box-content\">\n\n\t\t\t\t\t\t\t\t\t<span class=\"elementor-icon-box-title\">\n\t\t\t\t\t\t<span  >\n\t\t\t\t\t\t\tTAXI TRIP BUS. Ruta Sur : Barber\u00e0 del Vall\u00e8s.\t\t\t\t\t\t<\/span>\n\t\t\t\t\t<\/span>\n\t\t\t\t\n\t\t\t\t\n\t\t\t<\/div>\n\t\t\t\n\t\t<\/div>\n\t\t\t\t\t\t<\/div>\n\t\t\t\t<\/div>\n\t\t\t\t\t<\/div>\n\t\t\t\t<\/div>\n\t\t<div class=\"elementor-element elementor-element-df51d03 e-flex e-con-boxed e-con e-child\" data-id=\"df51d03\" data-element_type=\"container\">\n\t\t\t\t\t<div class=\"e-con-inner\">\n\t\t\t\t<div class=\"elementor-element elementor-element-88ab462 elementor-widget elementor-widget-image\" data-id=\"88ab462\" data-element_type=\"widget\" data-widget_type=\"image.default\">\n\t\t\t\t<div class=\"elementor-widget-container\">\n\t\t\t\t\t\t\t\t\t\t\t\t\t\t\t<img decoding=\"async\" width=\"800\" height=\"527\" data-src=\"https:\/\/claretsabadell.cat\/wp-content\/uploads\/2020\/05\/transport-1024x674.png\" class=\"attachment-large size-large wp-image-5185 lazyload\" alt=\"transport\" data-srcset=\"https:\/\/claretsabadell.cat\/wp-content\/uploads\/2020\/05\/transport-1024x674.png 1024w, https:\/\/claretsabadell.cat\/wp-content\/uploads\/2020\/05\/transport-300x197.png 300w, https:\/\/claretsabadell.cat\/wp-content\/uploads\/2020\/05\/transport-768x505.png 768w, https:\/\/claretsabadell.cat\/wp-content\/uploads\/2020\/05\/transport.png 1301w\" data-sizes=\"(max-width: 800px) 100vw, 800px\" src=\"data:image\/svg+xml;base64,PHN2ZyB3aWR0aD0iMSIgaGVpZ2h0PSIxIiB4bWxucz0iaHR0cDovL3d3dy53My5vcmcvMjAwMC9zdmciPjwvc3ZnPg==\" style=\"--smush-placeholder-width: 800px; --smush-placeholder-aspect-ratio: 800\/527;\" \/>\t\t\t\t\t\t\t\t\t\t\t\t\t\t\t<\/div>\n\t\t\t\t<\/div>\n\t\t\t\t\t<\/div>\n\t\t\t\t<\/div>\n\t\t\t\t\t<\/div>\n\t\t\t\t<\/div>\n\t\t\t\t<\/div>\n\t\t<div class=\"elementor-element elementor-element-61c6ff6 e-con-full e-flex e-con e-parent\" data-id=\"61c6ff6\" data-element_type=\"container\" id=\"extraescolares\" data-settings=\"{&quot;background_background&quot;:&quot;classic&quot;,&quot;shape_divider_bottom&quot;:&quot;triangle-asymmetrical&quot;,&quot;shape_divider_bottom_negative&quot;:&quot;yes&quot;}\">\n\t\t\t\t<div class=\"elementor-shape elementor-shape-bottom\" aria-hidden=\"true\" data-negative=\"true\">\n\t\t\t<svg xmlns=\"http:\/\/www.w3.org\/2000\/svg\" viewBox=\"0 0 1000 100\" preserveAspectRatio=\"none\">\n\t<path class=\"elementor-shape-fill\" d=\"M737.9,94.7L0,0v100h1000V0L737.9,94.7z\"\/>\n<\/svg>\t\t<\/div>\n\t\t<div class=\"elementor-element elementor-element-10238a4 e-flex e-con-boxed e-con e-child\" data-id=\"10238a4\" data-element_type=\"container\">\n\t\t\t\t\t<div class=\"e-con-inner\">\n\t\t<div class=\"elementor-element elementor-element-4a6b3e7 e-flex e-con-boxed e-con e-child\" data-id=\"4a6b3e7\" data-element_type=\"container\">\n\t\t\t\t\t<div class=\"e-con-inner\">\n\t\t\t\t<div class=\"elementor-element elementor-element-8b732fa elementor-position-left elementor-vertical-align-middle elementor-widget elementor-widget-image-box\" data-id=\"8b732fa\" data-element_type=\"widget\" data-widget_type=\"image-box.default\">\n\t\t\t\t<div class=\"elementor-widget-container\">\n\t\t\t\t\t<div class=\"elementor-image-box-wrapper\"><figure class=\"elementor-image-box-img\"><img decoding=\"async\" width=\"32\" height=\"32\" data-src=\"https:\/\/claretsabadell.cat\/wp-content\/uploads\/2024\/03\/svgexport-9.svg\" class=\"attachment-full size-full wp-image-7361 lazyload\" alt=\"Extraescolars\" src=\"data:image\/svg+xml;base64,PHN2ZyB3aWR0aD0iMSIgaGVpZ2h0PSIxIiB4bWxucz0iaHR0cDovL3d3dy53My5vcmcvMjAwMC9zdmciPjwvc3ZnPg==\" style=\"--smush-placeholder-width: 32px; --smush-placeholder-aspect-ratio: 32\/32;\" \/><\/figure><div class=\"elementor-image-box-content\"><h3 class=\"elementor-image-box-title\">Extraescolares<\/h3><\/div><\/div>\t\t\t\t<\/div>\n\t\t\t\t<\/div>\n\t\t\t\t<div class=\"elementor-element elementor-element-3387778 elementor-position-inline-start elementor-mobile-position-inline-start elementor-view-default elementor-widget elementor-widget-icon-box\" data-id=\"3387778\" data-element_type=\"widget\" data-widget_type=\"icon-box.default\">\n\t\t\t\t<div class=\"elementor-widget-container\">\n\t\t\t\t\t\t\t<div class=\"elementor-icon-box-wrapper\">\n\n\t\t\t\t\t\t<div class=\"elementor-icon-box-icon\">\n\t\t\t\t<span  class=\"elementor-icon\">\n\t\t\t\t<svg aria-hidden=\"true\" class=\"e-font-icon-svg e-fas-chevron-circle-right\" viewBox=\"0 0 512 512\" xmlns=\"http:\/\/www.w3.org\/2000\/svg\"><path d=\"M256 8c137 0 248 111 248 248S393 504 256 504 8 393 8 256 119 8 256 8zm113.9 231L234.4 103.5c-9.4-9.4-24.6-9.4-33.9 0l-17 17c-9.4 9.4-9.4 24.6 0 33.9L285.1 256 183.5 357.6c-9.4 9.4-9.4 24.6 0 33.9l17 17c9.4 9.4 24.6 9.4 33.9 0L369.9 273c9.4-9.4 9.4-24.6 0-34z\"><\/path><\/svg>\t\t\t\t<\/span>\n\t\t\t<\/div>\n\t\t\t\n\t\t\t\t\t\t<div class=\"elementor-icon-box-content\">\n\n\t\t\t\t\t\t\t\t\t<span class=\"elementor-icon-box-title\">\n\t\t\t\t\t\t<span  >\n\t\t\t\t\t\t\tActividades extraescolares ofertadas para el curso 2025-26\t\t\t\t\t\t<\/span>\n\t\t\t\t\t<\/span>\n\t\t\t\t\n\t\t\t\t\n\t\t\t<\/div>\n\t\t\t\n\t\t<\/div>\n\t\t\t\t\t\t<\/div>\n\t\t\t\t<\/div>\n\t\t\t\t<div class=\"elementor-element elementor-element-774f0f6 elementor-widget elementor-widget-text-editor\" data-id=\"774f0f6\" data-element_type=\"widget\" data-widget_type=\"text-editor.default\">\n\t\t\t\t<div class=\"elementor-widget-container\">\n\t\t\t\t\t\t\t\t\t<ul><li><strong>PATINAJE: <\/strong>desde I4 hasta 6\u00e8 de primaria. Los viernes de 17:20h a 18:50h<\/li><li><strong>LIGA DE FULBITO INTERCOLEGIAL. <\/strong><strong>EQUIPOS:<\/strong><ul><li><strong>Prebenjamines: <\/strong>1\u00ba y 2\u00ba de primaria. Los\u00a0 martes y jueves de 17:20h a 18:30h<\/li><li><strong>Benjamines<\/strong><strong>: <\/strong>3\u00ba y 4\u00ba de primaria. Los martes\u00a0 y jueves de 17:20h a 18:30h<\/li><li><strong>Alevines: <\/strong>5\u00ba y 6\u00ba de primaria. Los lunes y mi\u00e9rcoles de 17:20h a 18:30h<\/li><li><strong>Infantiles:<\/strong>1\u00ba y 2\u00ba ESO. Los lunes y mi\u00e9rcoles de 17:20h a 18:30h<\/li><\/ul><\/li><\/ul><ul><li><strong>CUENTOS VIVOS Y M\u00c1GICOS: <\/strong>I3, I4 y I5. Los lunes de 17:20h a 18:30h<\/li><li><strong>INICIAMOS EL DEPORTE:<\/strong> I3, I4\u00a0 y I5. Los mi\u00e9rcoles de 17:20h a 18:30h<\/li><li><strong>TALLER DE PEQUE\u00d1OS CIENT\u00cdFICOS: <\/strong>I3, I4 y I5. Los martes de 17:20h a 18:30h<\/li><li><strong>AJEDREZ: INICIACI\u00d3N\/ PERFECCIONAMIENTO: <\/strong>de 1\u00ba a 6\u00ba primaria. Los martes de 13:50h a 15:10h<\/li><li><strong>TALLER DE TEATRO:<\/strong> 5\u00e8 y 6\u00e8 primaria y 1r y 2n ESO. Los jueves de 13:50h a 15:05h<\/li><li><strong>ROB\u00d3TICA Y PROGRAMACI\u00d3N: <\/strong>inscripciones de rob\u00f3tica aqu\u00ed: https:\/\/tinyurl.com\/Claret 25<ul><li><strong>De 1\u00ba a 3\u00ba de primaria &#8211; Rob\u00f3tica infantil. <\/strong>Los \u00a0lunes de 14h a 15h<\/li><li><strong>De 4\u00ba a 6\u00ba de primaria &#8211; Rob\u00f3tica educativa.<\/strong> Los jueves de 14h a 15h<\/li><li><strong>ESO &#8211; Pensamiento computacional.<\/strong> Los martes de 14h a 15h<strong><br \/><\/strong><\/li><\/ul><\/li><li><strong>KUMON:<\/strong> los lunes y \u00a0mi\u00e9rcoles al mediod\u00eda<\/li><li><strong>FUN ENGLISH:<\/strong> los lunes y mi\u00e9rcoles\u00a0 al mediod\u00eda<\/li><li><strong>KIDS&amp;US:\u00a0<\/strong>un grupo los lunes y mi\u00e9rcoles al mediod\u00eda\u00a0 y otro grupo los martes y jueves al mediod\u00eda<\/li><\/ul>\t\t\t\t\t\t\t\t<\/div>\n\t\t\t\t<\/div>\n\t\t\t\t\t<\/div>\n\t\t\t\t<\/div>\n\t\t<div class=\"elementor-element elementor-element-27c6798 e-flex e-con-boxed e-con e-child\" data-id=\"27c6798\" data-element_type=\"container\">\n\t\t\t\t\t<div class=\"e-con-inner\">\n\t\t\t\t<div class=\"elementor-element elementor-element-8ea9467 elementor-widget elementor-widget-image\" data-id=\"8ea9467\" data-element_type=\"widget\" data-widget_type=\"image.default\">\n\t\t\t\t<div class=\"elementor-widget-container\">\n\t\t\t\t\t\t\t\t\t\t\t\t\t\t\t<img decoding=\"async\" width=\"800\" height=\"527\" data-src=\"https:\/\/claretsabadell.cat\/wp-content\/uploads\/2020\/05\/extraescolars-1024x674.png\" class=\"attachment-large size-large wp-image-5186 lazyload\" alt=\"extraescolars\" data-srcset=\"https:\/\/claretsabadell.cat\/wp-content\/uploads\/2020\/05\/extraescolars-1024x674.png 1024w, https:\/\/claretsabadell.cat\/wp-content\/uploads\/2020\/05\/extraescolars-300x197.png 300w, https:\/\/claretsabadell.cat\/wp-content\/uploads\/2020\/05\/extraescolars-768x505.png 768w, https:\/\/claretsabadell.cat\/wp-content\/uploads\/2020\/05\/extraescolars.png 1301w\" data-sizes=\"(max-width: 800px) 100vw, 800px\" src=\"data:image\/svg+xml;base64,PHN2ZyB3aWR0aD0iMSIgaGVpZ2h0PSIxIiB4bWxucz0iaHR0cDovL3d3dy53My5vcmcvMjAwMC9zdmciPjwvc3ZnPg==\" style=\"--smush-placeholder-width: 800px; --smush-placeholder-aspect-ratio: 800\/527;\" \/>\t\t\t\t\t\t\t\t\t\t\t\t\t\t\t<\/div>\n\t\t\t\t<\/div>\n\t\t\t\t\t<\/div>\n\t\t\t\t<\/div>\n\t\t\t\t\t<\/div>\n\t\t\t\t<\/div>\n\t\t\t\t<\/div>\n\t\t<div class=\"elementor-element elementor-element-9063870 e-con-full e-flex e-con e-parent\" data-id=\"9063870\" data-element_type=\"container\" id=\"casal\" data-settings=\"{&quot;shape_divider_bottom&quot;:&quot;triangle-asymmetrical&quot;,&quot;shape_divider_bottom_negative&quot;:&quot;yes&quot;}\">\n\t\t\t\t<div class=\"elementor-shape elementor-shape-bottom\" aria-hidden=\"true\" data-negative=\"true\">\n\t\t\t<svg xmlns=\"http:\/\/www.w3.org\/2000\/svg\" viewBox=\"0 0 1000 100\" preserveAspectRatio=\"none\">\n\t<path class=\"elementor-shape-fill\" d=\"M737.9,94.7L0,0v100h1000V0L737.9,94.7z\"\/>\n<\/svg>\t\t<\/div>\n\t\t<div class=\"elementor-element elementor-element-6f326b1 e-flex e-con-boxed e-con e-child\" data-id=\"6f326b1\" data-element_type=\"container\">\n\t\t\t\t\t<div class=\"e-con-inner\">\n\t\t<div class=\"elementor-element elementor-element-870108f e-flex e-con-boxed e-con e-child\" data-id=\"870108f\" data-element_type=\"container\">\n\t\t\t\t\t<div class=\"e-con-inner\">\n\t\t\t\t<div class=\"elementor-element elementor-element-18e439e elementor-position-left elementor-vertical-align-middle elementor-widget elementor-widget-image-box\" data-id=\"18e439e\" data-element_type=\"widget\" data-widget_type=\"image-box.default\">\n\t\t\t\t<div class=\"elementor-widget-container\">\n\t\t\t\t\t<div class=\"elementor-image-box-wrapper\"><figure class=\"elementor-image-box-img\"><img decoding=\"async\" width=\"32\" height=\"32\" data-src=\"https:\/\/claretsabadell.cat\/wp-content\/uploads\/2024\/03\/svgexport-10.svg\" class=\"attachment-full size-full wp-image-7363 lazyload\" alt=\"Casal d&#039;estiu\" src=\"data:image\/svg+xml;base64,PHN2ZyB3aWR0aD0iMSIgaGVpZ2h0PSIxIiB4bWxucz0iaHR0cDovL3d3dy53My5vcmcvMjAwMC9zdmciPjwvc3ZnPg==\" style=\"--smush-placeholder-width: 32px; --smush-placeholder-aspect-ratio: 32\/32;\" \/><\/figure><div class=\"elementor-image-box-content\"><h3 class=\"elementor-image-box-title\">Casal de verano<\/h3><\/div><\/div>\t\t\t\t<\/div>\n\t\t\t\t<\/div>\n\t\t\t\t<div class=\"elementor-element elementor-element-767fb5d elementor-widget elementor-widget-text-editor\" data-id=\"767fb5d\" data-element_type=\"widget\" data-widget_type=\"text-editor.default\">\n\t\t\t\t<div class=\"elementor-widget-container\">\n\t\t\t\t\t\t\t\t\t<p class=\"p1\"><span class=\"s1\">El casal de verano Claret pretende ofrecer una opci\u00f3n atractiva y alternativa a las primeras semanas de vacaciones escolares de verano, entendiendo que estos d\u00edas deben ser un tiempo de descanso merecido y, a la vez, de ocio, esparcimiento y diversi\u00f3n.\u00a0Los ni\u00f1os y j\u00f3venes podr\u00e1n disfrutar, as\u00ed, de muchas y variadas actividades l\u00fadicas y creativas tanto en la escuela como en el exterior, como excursiones, talleres, piscina &#8230; y una Noche M\u00e1gica.<\/span><\/p>\n<p class=\"p1\"><span class=\"s1\">En estos d\u00edas establecer\u00e1n v\u00ednculos con amigos y nuevos compa\u00f1eros y, en definitiva, el casal, les permitir\u00e1 y posibilitar\u00e1 crecimiento personal, diversi\u00f3n en grupo, posibilidad de compartir y descubrir cosas nuevas.\u00a0El casal de verano se realiza en horario de ma\u00f1anas y tardes.\u00a0Normalmente tiene una duraci\u00f3n de cuatro \/ cinco semanas.\u00a0Las inscripciones se realizan entre el mes de mayo y principios de junio.<\/span><\/p>\n\t\t\t\t\t\t\t\t<\/div>\n\t\t\t\t<\/div>\n\t\t\t\t\t<\/div>\n\t\t\t\t<\/div>\n\t\t<div class=\"elementor-element elementor-element-df9045e e-flex e-con-boxed e-con e-child\" data-id=\"df9045e\" data-element_type=\"container\">\n\t\t\t\t\t<div class=\"e-con-inner\">\n\t\t\t\t<div class=\"elementor-element elementor-element-a6287a4 elementor-widget elementor-widget-image\" data-id=\"a6287a4\" data-element_type=\"widget\" data-widget_type=\"image.default\">\n\t\t\t\t<div class=\"elementor-widget-container\">\n\t\t\t\t\t\t\t\t\t\t\t\t\t\t\t<img decoding=\"async\" width=\"800\" height=\"527\" data-src=\"https:\/\/claretsabadell.cat\/wp-content\/uploads\/2020\/05\/casal-1024x674.png\" class=\"attachment-large size-large wp-image-5187 lazyload\" alt=\"casal\" data-srcset=\"https:\/\/claretsabadell.cat\/wp-content\/uploads\/2020\/05\/casal-1024x674.png 1024w, https:\/\/claretsabadell.cat\/wp-content\/uploads\/2020\/05\/casal-300x197.png 300w, https:\/\/claretsabadell.cat\/wp-content\/uploads\/2020\/05\/casal-768x505.png 768w, https:\/\/claretsabadell.cat\/wp-content\/uploads\/2020\/05\/casal.png 1301w\" data-sizes=\"(max-width: 800px) 100vw, 800px\" src=\"data:image\/svg+xml;base64,PHN2ZyB3aWR0aD0iMSIgaGVpZ2h0PSIxIiB4bWxucz0iaHR0cDovL3d3dy53My5vcmcvMjAwMC9zdmciPjwvc3ZnPg==\" style=\"--smush-placeholder-width: 800px; --smush-placeholder-aspect-ratio: 800\/527;\" \/>\t\t\t\t\t\t\t\t\t\t\t\t\t\t\t<\/div>\n\t\t\t\t<\/div>\n\t\t\t\t\t<\/div>\n\t\t\t\t<\/div>\n\t\t\t\t\t<\/div>\n\t\t\t\t<\/div>\n\t\t\t\t<\/div>\n\t\t<div class=\"elementor-element elementor-element-e14623b e-con-full e-flex e-con e-parent\" data-id=\"e14623b\" data-element_type=\"container\" id=\"orientacion\" data-settings=\"{&quot;background_background&quot;:&quot;classic&quot;,&quot;shape_divider_bottom&quot;:&quot;triangle-asymmetrical&quot;,&quot;shape_divider_bottom_negative&quot;:&quot;yes&quot;}\">\n\t\t\t\t<div class=\"elementor-shape elementor-shape-bottom\" aria-hidden=\"true\" data-negative=\"true\">\n\t\t\t<svg xmlns=\"http:\/\/www.w3.org\/2000\/svg\" viewBox=\"0 0 1000 100\" preserveAspectRatio=\"none\">\n\t<path class=\"elementor-shape-fill\" d=\"M737.9,94.7L0,0v100h1000V0L737.9,94.7z\"\/>\n<\/svg>\t\t<\/div>\n\t\t<div class=\"elementor-element elementor-element-8d83b8e e-flex e-con-boxed e-con e-child\" data-id=\"8d83b8e\" data-element_type=\"container\">\n\t\t\t\t\t<div class=\"e-con-inner\">\n\t\t<div class=\"elementor-element elementor-element-d9b3bb6 e-flex e-con-boxed e-con e-child\" data-id=\"d9b3bb6\" data-element_type=\"container\">\n\t\t\t\t\t<div class=\"e-con-inner\">\n\t\t\t\t<div class=\"elementor-element elementor-element-95250f8 elementor-position-left elementor-vertical-align-middle elementor-widget elementor-widget-image-box\" data-id=\"95250f8\" data-element_type=\"widget\" data-widget_type=\"image-box.default\">\n\t\t\t\t<div class=\"elementor-widget-container\">\n\t\t\t\t\t<div class=\"elementor-image-box-wrapper\"><figure class=\"elementor-image-box-img\"><img decoding=\"async\" width=\"32\" height=\"32\" data-src=\"https:\/\/claretsabadell.cat\/wp-content\/uploads\/2024\/03\/svgexport-11.svg\" class=\"attachment-full size-full wp-image-7365 lazyload\" alt=\"Equip d\u2019orientaci\u00f3\" src=\"data:image\/svg+xml;base64,PHN2ZyB3aWR0aD0iMSIgaGVpZ2h0PSIxIiB4bWxucz0iaHR0cDovL3d3dy53My5vcmcvMjAwMC9zdmciPjwvc3ZnPg==\" style=\"--smush-placeholder-width: 32px; --smush-placeholder-aspect-ratio: 32\/32;\" \/><\/figure><div class=\"elementor-image-box-content\"><h3 class=\"elementor-image-box-title\">Equipo de orientaci\u00f3n<\/h3><\/div><\/div>\t\t\t\t<\/div>\n\t\t\t\t<\/div>\n\t\t\t\t<div class=\"elementor-element elementor-element-0635a29 elementor-widget elementor-widget-text-editor\" data-id=\"0635a29\" data-element_type=\"widget\" data-widget_type=\"text-editor.default\">\n\t\t\t\t<div class=\"elementor-widget-container\">\n\t\t\t\t\t\t\t\t\t<p class=\"p1\"><span class=\"s1\">El equipo de orientaci\u00f3n del Colegio Claret es un servicio que ofrece la escuela a los alumnos del centro (guarder\u00eda, Educaci\u00f3n Infantil, Primaria, ESO), a sus familias, al conjunto de tutores, maestros de la escuela y otros profesionales externos (psic\u00f3logos, neur\u00f3logos, logopedas, pediatras, &#8230;).\u00a0Su objetivo es atender a la diversidad del alumnado a nivel acad\u00e9mico-emocional-social, ya sea en un momento puntual o a largo plazo.<\/span><\/p>\n<p class=\"p1\"><span class=\"s1\">La intervenci\u00f3n del equipo de orientaci\u00f3n puede ser diferente seg\u00fan el caso o la necesidad espec\u00edfica que se haya detectado en cada situaci\u00f3n.\u00a0Pero a grandes rasgos, nuestra labor va dirigida a la detecci\u00f3n, diagn\u00f3stico, seguimiento, tratamiento e intervenci\u00f3n de las dificultades que puedan presentar nuestros alumnos, as\u00ed como asesoramiento a sus familias y a sus tutores y la derivaci\u00f3n, si es necesaria, a otras instituciones sanitarias y educativas precisas.<\/span><\/p>\n<p class=\"p1\"><span class=\"s1\"><b>El reconocimiento a la profesionalidad de este servicio se debe a las personas que lo integran:<\/b><\/span><\/p>\n<ul class=\"ul1\">\n<li class=\"li2\"><span class=\"s3\">Felicidad Ordo\u00f1ez: maestra de educaci\u00f3n especial y coordinadora de la SIEI.<\/span><\/li>\n<li><span class=\"s3\">Sonia Ortega: psic\u00f3loga<\/span><\/li>\n<li><span class=\"s3\">Erika Manz: psic\u00f3loga<\/span><\/li>\n<li class=\"li2\"><span class=\"s3\">Todo el profesorado.<\/span><\/li>\n<li class=\"li2\"><span class=\"s3\">El resto de profesionales externos.<\/span><\/li>\n<\/ul>\n\t\t\t\t\t\t\t\t<\/div>\n\t\t\t\t<\/div>\n\t\t\t\t\t<\/div>\n\t\t\t\t<\/div>\n\t\t<div class=\"elementor-element elementor-element-3d92615 e-flex e-con-boxed e-con e-child\" data-id=\"3d92615\" data-element_type=\"container\">\n\t\t\t\t\t<div class=\"e-con-inner\">\n\t\t\t\t<div class=\"elementor-element elementor-element-5507e2d elementor-hidden-tablet elementor-hidden-mobile elementor-widget elementor-widget-image\" data-id=\"5507e2d\" data-element_type=\"widget\" data-widget_type=\"image.default\">\n\t\t\t\t<div class=\"elementor-widget-container\">\n\t\t\t\t\t\t\t\t\t\t\t\t\t\t\t<img decoding=\"async\" width=\"800\" height=\"526\" data-src=\"https:\/\/claretsabadell.cat\/wp-content\/uploads\/2020\/05\/sonia-psico.png\" class=\"attachment-large size-large wp-image-5204 lazyload\" alt=\"sonia-psico\" data-srcset=\"https:\/\/claretsabadell.cat\/wp-content\/uploads\/2020\/05\/sonia-psico.png 1000w, https:\/\/claretsabadell.cat\/wp-content\/uploads\/2020\/05\/sonia-psico-300x197.png 300w, https:\/\/claretsabadell.cat\/wp-content\/uploads\/2020\/05\/sonia-psico-768x505.png 768w\" data-sizes=\"(max-width: 800px) 100vw, 800px\" src=\"data:image\/svg+xml;base64,PHN2ZyB3aWR0aD0iMSIgaGVpZ2h0PSIxIiB4bWxucz0iaHR0cDovL3d3dy53My5vcmcvMjAwMC9zdmciPjwvc3ZnPg==\" style=\"--smush-placeholder-width: 800px; --smush-placeholder-aspect-ratio: 800\/526;\" \/>\t\t\t\t\t\t\t\t\t\t\t\t\t\t\t<\/div>\n\t\t\t\t<\/div>\n\t\t\t\t\t<\/div>\n\t\t\t\t<\/div>\n\t\t\t\t\t<\/div>\n\t\t\t\t<\/div>\n\t\t<div class=\"elementor-element elementor-element-8d1f8dc e-flex e-con-boxed e-con e-child\" data-id=\"8d1f8dc\" data-element_type=\"container\">\n\t\t\t\t\t<div class=\"e-con-inner\">\n\t\t<div class=\"elementor-element elementor-element-3692278 e-flex e-con-boxed e-con e-child\" data-id=\"3692278\" data-element_type=\"container\">\n\t\t\t\t\t<div class=\"e-con-inner\">\n\t\t\t\t<div class=\"elementor-element elementor-element-00188ca elementor-widget elementor-widget-accordion\" data-id=\"00188ca\" data-element_type=\"widget\" data-widget_type=\"accordion.default\">\n\t\t\t\t<div class=\"elementor-widget-container\">\n\t\t\t\t\t\t\t<div class=\"elementor-accordion\">\n\t\t\t\t\t\t\t<div class=\"elementor-accordion-item\">\n\t\t\t\t\t<div id=\"elementor-tab-title-1001\" class=\"elementor-tab-title\" data-tab=\"1\" role=\"button\" aria-controls=\"elementor-tab-content-1001\" aria-expanded=\"false\">\n\t\t\t\t\t\t\t\t\t\t\t\t\t<span class=\"elementor-accordion-icon elementor-accordion-icon-right\" aria-hidden=\"true\">\n\t\t\t\t\t\t\t\t\t\t\t\t\t\t\t<span class=\"elementor-accordion-icon-closed\"><svg class=\"e-font-icon-svg e-fas-plus\" viewBox=\"0 0 448 512\" xmlns=\"http:\/\/www.w3.org\/2000\/svg\"><path d=\"M416 208H272V64c0-17.67-14.33-32-32-32h-32c-17.67 0-32 14.33-32 32v144H32c-17.67 0-32 14.33-32 32v32c0 17.67 14.33 32 32 32h144v144c0 17.67 14.33 32 32 32h32c17.67 0 32-14.33 32-32V304h144c17.67 0 32-14.33 32-32v-32c0-17.67-14.33-32-32-32z\"><\/path><\/svg><\/span>\n\t\t\t\t\t\t\t\t<span class=\"elementor-accordion-icon-opened\"><svg class=\"e-font-icon-svg e-fas-minus\" viewBox=\"0 0 448 512\" xmlns=\"http:\/\/www.w3.org\/2000\/svg\"><path d=\"M416 208H32c-17.67 0-32 14.33-32 32v32c0 17.67 14.33 32 32 32h384c17.67 0 32-14.33 32-32v-32c0-17.67-14.33-32-32-32z\"><\/path><\/svg><\/span>\n\t\t\t\t\t\t\t\t\t\t\t\t\t\t<\/span>\n\t\t\t\t\t\t\t\t\t\t\t\t<a class=\"elementor-accordion-title\" tabindex=\"0\">\u00bfQu\u00e9 es la Comisi\u00f3n Psicopedag\u00f3gica de Atenci\u00f3n a la Diversidad (CAD)?<\/a>\n\t\t\t\t\t<\/div>\n\t\t\t\t\t<div id=\"elementor-tab-content-1001\" class=\"elementor-tab-content elementor-clearfix\" data-tab=\"1\" role=\"region\" aria-labelledby=\"elementor-tab-title-1001\"><p>Dentro del equipo de orientaci\u00f3n del Colegio Claret est\u00e1 la Comisi\u00f3n Psicopedag\u00f3gica de Atenci\u00f3n a la Diversidad (CAD), la cual tiene como objetivo atender a la diversidad del alumnado (tanto a nivel acad\u00e9mico como a nivel emocional y social) y dotar de herramientas, recursos y estrategias a los maestros y a las familias de los alumnos que necesiten un apoyo espec\u00edfico, ya sea en un momento puntual o a largo plazo.<\/p>\n<\/div>\n\t\t\t\t<\/div>\n\t\t\t\t\t\t\t<div class=\"elementor-accordion-item\">\n\t\t\t\t\t<div id=\"elementor-tab-title-1002\" class=\"elementor-tab-title\" data-tab=\"2\" role=\"button\" aria-controls=\"elementor-tab-content-1002\" aria-expanded=\"false\">\n\t\t\t\t\t\t\t\t\t\t\t\t\t<span class=\"elementor-accordion-icon elementor-accordion-icon-right\" aria-hidden=\"true\">\n\t\t\t\t\t\t\t\t\t\t\t\t\t\t\t<span class=\"elementor-accordion-icon-closed\"><svg class=\"e-font-icon-svg e-fas-plus\" viewBox=\"0 0 448 512\" xmlns=\"http:\/\/www.w3.org\/2000\/svg\"><path d=\"M416 208H272V64c0-17.67-14.33-32-32-32h-32c-17.67 0-32 14.33-32 32v144H32c-17.67 0-32 14.33-32 32v32c0 17.67 14.33 32 32 32h144v144c0 17.67 14.33 32 32 32h32c17.67 0 32-14.33 32-32V304h144c17.67 0 32-14.33 32-32v-32c0-17.67-14.33-32-32-32z\"><\/path><\/svg><\/span>\n\t\t\t\t\t\t\t\t<span class=\"elementor-accordion-icon-opened\"><svg class=\"e-font-icon-svg e-fas-minus\" viewBox=\"0 0 448 512\" xmlns=\"http:\/\/www.w3.org\/2000\/svg\"><path d=\"M416 208H32c-17.67 0-32 14.33-32 32v32c0 17.67 14.33 32 32 32h384c17.67 0 32-14.33 32-32v-32c0-17.67-14.33-32-32-32z\"><\/path><\/svg><\/span>\n\t\t\t\t\t\t\t\t\t\t\t\t\t\t<\/span>\n\t\t\t\t\t\t\t\t\t\t\t\t<a class=\"elementor-accordion-title\" tabindex=\"0\">Actuaciones<\/a>\n\t\t\t\t\t<\/div>\n\t\t\t\t\t<div id=\"elementor-tab-content-1002\" class=\"elementor-tab-content elementor-clearfix\" data-tab=\"2\" role=\"region\" aria-labelledby=\"elementor-tab-title-1002\"><ul>\n<li class=\"li1\"><span class=\"s2\">Realizar el seguimiento de los alumnos durante todo el proceso de escolarizaci\u00f3n con atenci\u00f3n especial a los aspectos de maduraci\u00f3n personal, de adquisici\u00f3n de conceptos, t\u00e9cnicas, valores y actitudes para con sus maestros, compa\u00f1eros y familiars.IMG-20151207-WA0000<\/span><\/li>\n<li class=\"li1\"><span class=\"s2\">Detectar las necesidades y peculiaridades de los alumnos (motivaciones, intereses, capacidades para el aprendizaje, &#8230;), que son muy diferentes entre ellos, para poder concretar nuestras intenciones educativas (planteamientos y estrategias) para ajustarse a poco a poco a sus necesidades espec\u00edficas.<\/span><\/li>\n<li class=\"li1\"><span class=\"s2\">Establecer programas psicopedag\u00f3gicos espec\u00edficos para aquellos alumnos que lo necesiten y estudiar qu\u00e9 estrategias, metodolog\u00edas y t\u00e9cnicas de trabajo son m\u00e1s adecuadas para cada caso.<\/span><\/li>\n<li class=\"li1\"><span class=\"s2\">Orientar a los profesionales de la docencia.<\/span><\/li>\n<li class=\"li1\"><span class=\"s2\">Atender y asesorar a los padres que lo necesiten.<\/span><\/li>\n<li class=\"li1\"><span class=\"s2\">Colaborar con otros profesionales externos que trabajan con nuestros alumnos para contribuir en la resoluci\u00f3n de sus dificultades<\/span><span class=\"s3\">.<\/span><\/li>\n<\/ul>\n<\/div>\n\t\t\t\t<\/div>\n\t\t\t\t\t\t\t<div class=\"elementor-accordion-item\">\n\t\t\t\t\t<div id=\"elementor-tab-title-1003\" class=\"elementor-tab-title\" data-tab=\"3\" role=\"button\" aria-controls=\"elementor-tab-content-1003\" aria-expanded=\"false\">\n\t\t\t\t\t\t\t\t\t\t\t\t\t<span class=\"elementor-accordion-icon elementor-accordion-icon-right\" aria-hidden=\"true\">\n\t\t\t\t\t\t\t\t\t\t\t\t\t\t\t<span class=\"elementor-accordion-icon-closed\"><svg class=\"e-font-icon-svg e-fas-plus\" viewBox=\"0 0 448 512\" xmlns=\"http:\/\/www.w3.org\/2000\/svg\"><path d=\"M416 208H272V64c0-17.67-14.33-32-32-32h-32c-17.67 0-32 14.33-32 32v144H32c-17.67 0-32 14.33-32 32v32c0 17.67 14.33 32 32 32h144v144c0 17.67 14.33 32 32 32h32c17.67 0 32-14.33 32-32V304h144c17.67 0 32-14.33 32-32v-32c0-17.67-14.33-32-32-32z\"><\/path><\/svg><\/span>\n\t\t\t\t\t\t\t\t<span class=\"elementor-accordion-icon-opened\"><svg class=\"e-font-icon-svg e-fas-minus\" viewBox=\"0 0 448 512\" xmlns=\"http:\/\/www.w3.org\/2000\/svg\"><path d=\"M416 208H32c-17.67 0-32 14.33-32 32v32c0 17.67 14.33 32 32 32h384c17.67 0 32-14.33 32-32v-32c0-17.67-14.33-32-32-32z\"><\/path><\/svg><\/span>\n\t\t\t\t\t\t\t\t\t\t\t\t\t\t<\/span>\n\t\t\t\t\t\t\t\t\t\t\t\t<a class=\"elementor-accordion-title\" tabindex=\"0\">\u00bfC\u00f3mo trabaja la Comisi\u00f3n Psicopedag\u00f3gica de Atenci\u00f3n a la Diversidad?<\/a>\n\t\t\t\t\t<\/div>\n\t\t\t\t\t<div id=\"elementor-tab-content-1003\" class=\"elementor-tab-content elementor-clearfix\" data-tab=\"3\" role=\"region\" aria-labelledby=\"elementor-tab-title-1003\"><p class=\"p1\"><span class=\"s1\">Teniendo en cuenta las funciones que hemos mencionado anteriormente, la planificaci\u00f3n de actividades de la Comisi\u00f3n puede ser diferente seg\u00fan el caso o la necesidad espec\u00edfica que se haya detectado en cada situaci\u00f3n.\u00a0Pero a grandes rasgos, nuestra labor va dirigida a la detecci\u00f3n, diagn\u00f3stico, seguimiento, tratamiento e intervenci\u00f3n de las dificultades que puedan presentar nuestros alumnos, as\u00ed como el asesoramiento a estos y sus familias y la derivaci\u00f3n, si es necesaria, a otras instituciones sanitarias y educativas precisas.<\/span><\/p>\n<p class=\"p1\"><span class=\"s1\">Los profesionales de la Comisi\u00f3n de Atenci\u00f3n a la Diversidad trabajan de forma cooperativa con el profesorado del centro, sobre todo en cuanto al tratamiento y seguimiento de un alumno para favorecer su desarrollo integral.<\/span><\/p>\n<p class=\"p1\"><span class=\"s1\">Con objeto de ayudar y orientar a los alumnos de 4\u00ba.\u00a0de ESO en su proceso de elecci\u00f3n de las diferentes salidas profesionales (bachillerato, ciclos formativos, ense\u00f1anzas de r\u00e9gimen especial, &#8230;), el Jefe de Estudios de la ESO (Josep Paloma) imparte la asignatura Orientaci\u00f3n Profesional y la psic\u00f3loga administra un inventario de intereses y preferencias profesionales.<\/span><\/p>\n<\/div>\n\t\t\t\t<\/div>\n\t\t\t\t\t\t\t<div class=\"elementor-accordion-item\">\n\t\t\t\t\t<div id=\"elementor-tab-title-1004\" class=\"elementor-tab-title\" data-tab=\"4\" role=\"button\" aria-controls=\"elementor-tab-content-1004\" aria-expanded=\"false\">\n\t\t\t\t\t\t\t\t\t\t\t\t\t<span class=\"elementor-accordion-icon elementor-accordion-icon-right\" aria-hidden=\"true\">\n\t\t\t\t\t\t\t\t\t\t\t\t\t\t\t<span class=\"elementor-accordion-icon-closed\"><svg class=\"e-font-icon-svg e-fas-plus\" viewBox=\"0 0 448 512\" xmlns=\"http:\/\/www.w3.org\/2000\/svg\"><path d=\"M416 208H272V64c0-17.67-14.33-32-32-32h-32c-17.67 0-32 14.33-32 32v144H32c-17.67 0-32 14.33-32 32v32c0 17.67 14.33 32 32 32h144v144c0 17.67 14.33 32 32 32h32c17.67 0 32-14.33 32-32V304h144c17.67 0 32-14.33 32-32v-32c0-17.67-14.33-32-32-32z\"><\/path><\/svg><\/span>\n\t\t\t\t\t\t\t\t<span class=\"elementor-accordion-icon-opened\"><svg class=\"e-font-icon-svg e-fas-minus\" viewBox=\"0 0 448 512\" xmlns=\"http:\/\/www.w3.org\/2000\/svg\"><path d=\"M416 208H32c-17.67 0-32 14.33-32 32v32c0 17.67 14.33 32 32 32h384c17.67 0 32-14.33 32-32v-32c0-17.67-14.33-32-32-32z\"><\/path><\/svg><\/span>\n\t\t\t\t\t\t\t\t\t\t\t\t\t\t<\/span>\n\t\t\t\t\t\t\t\t\t\t\t\t<a class=\"elementor-accordion-title\" tabindex=\"0\">\u00bfC\u00f3mo nos podemos poner en contacto con la Comisi\u00f3n de Atenci\u00f3n a la Diversidad ?<\/a>\n\t\t\t\t\t<\/div>\n\t\t\t\t\t<div id=\"elementor-tab-content-1004\" class=\"elementor-tab-content elementor-clearfix\" data-tab=\"4\" role=\"region\" aria-labelledby=\"elementor-tab-title-1004\"><p>Para cualquier consulta ,que se quiera hacer a la Comisi\u00f3n, se puede llamar al tel\u00e9fono del colegio (93.727.69.40) y preguntar por la psic\u00f3loga (todas las ma\u00f1anas y mi\u00e9rcoles y viernes tarde) o por la coordinadora pedag\u00f3gica (ma\u00f1anas y tardes de lunes a viernes).<\/p>\n<\/div>\n\t\t\t\t<\/div>\n\t\t\t\t\t\t\t\t<\/div>\n\t\t\t\t\t\t<\/div>\n\t\t\t\t<\/div>\n\t\t\t\t<div class=\"elementor-element elementor-element-9ae2afb elementor-hidden-desktop elementor-widget elementor-widget-image\" data-id=\"9ae2afb\" data-element_type=\"widget\" data-widget_type=\"image.default\">\n\t\t\t\t<div class=\"elementor-widget-container\">\n\t\t\t\t\t\t\t\t\t\t\t\t\t\t\t<img decoding=\"async\" width=\"800\" height=\"526\" data-src=\"https:\/\/claretsabadell.cat\/wp-content\/uploads\/2020\/05\/sonia-psico.png\" class=\"attachment-large size-large wp-image-5204 lazyload\" alt=\"sonia-psico\" data-srcset=\"https:\/\/claretsabadell.cat\/wp-content\/uploads\/2020\/05\/sonia-psico.png 1000w, https:\/\/claretsabadell.cat\/wp-content\/uploads\/2020\/05\/sonia-psico-300x197.png 300w, https:\/\/claretsabadell.cat\/wp-content\/uploads\/2020\/05\/sonia-psico-768x505.png 768w\" data-sizes=\"(max-width: 800px) 100vw, 800px\" src=\"data:image\/svg+xml;base64,PHN2ZyB3aWR0aD0iMSIgaGVpZ2h0PSIxIiB4bWxucz0iaHR0cDovL3d3dy53My5vcmcvMjAwMC9zdmciPjwvc3ZnPg==\" style=\"--smush-placeholder-width: 800px; --smush-placeholder-aspect-ratio: 800\/526;\" \/>\t\t\t\t\t\t\t\t\t\t\t\t\t\t\t<\/div>\n\t\t\t\t<\/div>\n\t\t\t\t\t<\/div>\n\t\t\t\t<\/div>\n\t\t\t\t\t<\/div>\n\t\t\t\t<\/div>\n\t\t\t\t<\/div>\n\t\t<div class=\"elementor-element elementor-element-2e3131a e-con-full e-flex e-con e-parent\" data-id=\"2e3131a\" data-element_type=\"container\" id=\"robotica\">\n\t\t<div class=\"elementor-element elementor-element-b9a22fc e-flex e-con-boxed e-con e-child\" data-id=\"b9a22fc\" data-element_type=\"container\">\n\t\t\t\t\t<div class=\"e-con-inner\">\n\t\t<div class=\"elementor-element elementor-element-8e07d63 e-flex e-con-boxed e-con e-child\" data-id=\"8e07d63\" data-element_type=\"container\">\n\t\t\t\t\t<div class=\"e-con-inner\">\n\t\t\t\t<div class=\"elementor-element elementor-element-28d7e43 elementor-position-left elementor-vertical-align-middle elementor-widget elementor-widget-image-box\" data-id=\"28d7e43\" data-element_type=\"widget\" data-widget_type=\"image-box.default\">\n\t\t\t\t<div class=\"elementor-widget-container\">\n\t\t\t\t\t<div class=\"elementor-image-box-wrapper\"><figure class=\"elementor-image-box-img\"><img decoding=\"async\" width=\"32\" height=\"32\" data-src=\"https:\/\/claretsabadell.cat\/wp-content\/uploads\/2024\/03\/svgexport-12.svg\" class=\"attachment-full size-full wp-image-7353 lazyload\" alt=\"Administraci\u00f3\" src=\"data:image\/svg+xml;base64,PHN2ZyB3aWR0aD0iMSIgaGVpZ2h0PSIxIiB4bWxucz0iaHR0cDovL3d3dy53My5vcmcvMjAwMC9zdmciPjwvc3ZnPg==\" style=\"--smush-placeholder-width: 32px; --smush-placeholder-aspect-ratio: 32\/32;\" \/><\/figure><div class=\"elementor-image-box-content\"><h3 class=\"elementor-image-box-title\">Rob\u00f3tica<\/h3><\/div><\/div>\t\t\t\t<\/div>\n\t\t\t\t<\/div>\n\t\t\t\t<div class=\"elementor-element elementor-element-e2aa632 elementor-widget elementor-widget-icon-box\" data-id=\"e2aa632\" data-element_type=\"widget\" data-widget_type=\"icon-box.default\">\n\t\t\t\t<div class=\"elementor-widget-container\">\n\t\t\t\t\t\t\t<div class=\"elementor-icon-box-wrapper\">\n\n\t\t\t\n\t\t\t\t\t\t<div class=\"elementor-icon-box-content\">\n\n\t\t\t\t\t\t\t\t\t<span class=\"elementor-icon-box-title\">\n\t\t\t\t\t\t<span  >\n\t\t\t\t\t\t\tEn la Escuela Claret Sabadell impulsamos la rob\u00f3tica educativa como una herramienta interdisciplinar que fomenta la creatividad, el pensamiento l\u00f3gico y el trabajo cooperativo. Desde Infantil hasta la ESO, el alumnado aprende programaci\u00f3n y tecnolog\u00eda de forma progresiva con materiales como Bee-bots, LEGO, Scratch, Bitbloq o App Inventor, integrando conceptos cient\u00edficos en situaciones reales y potenciando la investigaci\u00f3n y la resoluci\u00f3n de retos.\t\t\t\t\t\t<\/span>\n\t\t\t\t\t<\/span>\n\t\t\t\t\n\t\t\t\t\n\t\t\t<\/div>\n\t\t\t\n\t\t<\/div>\n\t\t\t\t\t\t<\/div>\n\t\t\t\t<\/div>\n\t\t\t\t<div class=\"elementor-element elementor-element-e049d4a elementor-widget elementor-widget-image\" data-id=\"e049d4a\" data-element_type=\"widget\" data-widget_type=\"image.default\">\n\t\t\t\t<div class=\"elementor-widget-container\">\n\t\t\t\t\t\t\t\t\t\t\t\t\t\t\t<img decoding=\"async\" width=\"800\" height=\"202\" data-src=\"https:\/\/claretsabadell.cat\/wp-content\/uploads\/2025\/11\/idbh-1024x258.png\" class=\"attachment-large size-large wp-image-9440 lazyload\" alt=\"\" data-srcset=\"https:\/\/claretsabadell.cat\/wp-content\/uploads\/2025\/11\/idbh-1024x258.png 1024w, https:\/\/claretsabadell.cat\/wp-content\/uploads\/2025\/11\/idbh-300x76.png 300w, https:\/\/claretsabadell.cat\/wp-content\/uploads\/2025\/11\/idbh-768x193.png 768w, https:\/\/claretsabadell.cat\/wp-content\/uploads\/2025\/11\/idbh.png 1040w\" data-sizes=\"(max-width: 800px) 100vw, 800px\" src=\"data:image\/svg+xml;base64,PHN2ZyB3aWR0aD0iMSIgaGVpZ2h0PSIxIiB4bWxucz0iaHR0cDovL3d3dy53My5vcmcvMjAwMC9zdmciPjwvc3ZnPg==\" style=\"--smush-placeholder-width: 800px; --smush-placeholder-aspect-ratio: 800\/202;\" \/>\t\t\t\t\t\t\t\t\t\t\t\t\t\t\t<\/div>\n\t\t\t\t<\/div>\n\t\t\t\t<div class=\"elementor-element elementor-element-2388da6 elementor-widget elementor-widget-image\" data-id=\"2388da6\" data-element_type=\"widget\" data-widget_type=\"image.default\">\n\t\t\t\t<div class=\"elementor-widget-container\">\n\t\t\t\t\t\t\t\t\t\t\t\t\t\t\t<img decoding=\"async\" width=\"318\" height=\"159\" data-src=\"https:\/\/claretsabadell.cat\/wp-content\/uploads\/2025\/11\/Codigo-Escuela-4.0.png\" class=\"attachment-large size-large wp-image-9442 lazyload\" alt=\"\" data-srcset=\"https:\/\/claretsabadell.cat\/wp-content\/uploads\/2025\/11\/Codigo-Escuela-4.0.png 318w, https:\/\/claretsabadell.cat\/wp-content\/uploads\/2025\/11\/Codigo-Escuela-4.0-300x150.png 300w\" data-sizes=\"(max-width: 318px) 100vw, 318px\" src=\"data:image\/svg+xml;base64,PHN2ZyB3aWR0aD0iMSIgaGVpZ2h0PSIxIiB4bWxucz0iaHR0cDovL3d3dy53My5vcmcvMjAwMC9zdmciPjwvc3ZnPg==\" style=\"--smush-placeholder-width: 318px; --smush-placeholder-aspect-ratio: 318\/159;\" \/>\t\t\t\t\t\t\t\t\t\t\t\t\t\t\t<\/div>\n\t\t\t\t<\/div>\n\t\t\t\t<div class=\"elementor-element elementor-element-cd677df elementor-widget elementor-widget-image\" data-id=\"cd677df\" data-element_type=\"widget\" data-widget_type=\"image.default\">\n\t\t\t\t<div class=\"elementor-widget-container\">\n\t\t\t\t\t\t\t\t\t\t\t\t\t\t\t<img decoding=\"async\" width=\"800\" height=\"166\" data-src=\"https:\/\/claretsabadell.cat\/wp-content\/uploads\/2025\/11\/Logotipo_del_Ministerio_de_Educacion_Formacion_Profesional_y_Deportes.svg-1024x212.png\" class=\"attachment-large size-large wp-image-9444 lazyload\" alt=\"\" data-srcset=\"https:\/\/claretsabadell.cat\/wp-content\/uploads\/2025\/11\/Logotipo_del_Ministerio_de_Educacion_Formacion_Profesional_y_Deportes.svg-1024x212.png 1024w, https:\/\/claretsabadell.cat\/wp-content\/uploads\/2025\/11\/Logotipo_del_Ministerio_de_Educacion_Formacion_Profesional_y_Deportes.svg-300x62.png 300w, https:\/\/claretsabadell.cat\/wp-content\/uploads\/2025\/11\/Logotipo_del_Ministerio_de_Educacion_Formacion_Profesional_y_Deportes.svg-768x159.png 768w, https:\/\/claretsabadell.cat\/wp-content\/uploads\/2025\/11\/Logotipo_del_Ministerio_de_Educacion_Formacion_Profesional_y_Deportes.svg-1536x318.png 1536w, https:\/\/claretsabadell.cat\/wp-content\/uploads\/2025\/11\/Logotipo_del_Ministerio_de_Educacion_Formacion_Profesional_y_Deportes.svg-2048x424.png 2048w\" data-sizes=\"(max-width: 800px) 100vw, 800px\" src=\"data:image\/svg+xml;base64,PHN2ZyB3aWR0aD0iMSIgaGVpZ2h0PSIxIiB4bWxucz0iaHR0cDovL3d3dy53My5vcmcvMjAwMC9zdmciPjwvc3ZnPg==\" style=\"--smush-placeholder-width: 800px; --smush-placeholder-aspect-ratio: 800\/166;\" \/>\t\t\t\t\t\t\t\t\t\t\t\t\t\t\t<\/div>\n\t\t\t\t<\/div>\n\t\t\t\t<div class=\"elementor-element elementor-element-c49cc75 elementor-position-inline-start elementor-mobile-position-inline-start elementor-view-default elementor-widget elementor-widget-icon-box\" data-id=\"c49cc75\" data-element_type=\"widget\" data-widget_type=\"icon-box.default\">\n\t\t\t\t<div class=\"elementor-widget-container\">\n\t\t\t\t\t\t\t<div class=\"elementor-icon-box-wrapper\">\n\n\t\t\t\t\t\t<div class=\"elementor-icon-box-icon\">\n\t\t\t\t<span  class=\"elementor-icon\">\n\t\t\t\t<svg aria-hidden=\"true\" class=\"e-font-icon-svg e-fas-chevron-circle-right\" viewBox=\"0 0 512 512\" xmlns=\"http:\/\/www.w3.org\/2000\/svg\"><path d=\"M256 8c137 0 248 111 248 248S393 504 256 504 8 393 8 256 119 8 256 8zm113.9 231L234.4 103.5c-9.4-9.4-24.6-9.4-33.9 0l-17 17c-9.4 9.4-9.4 24.6 0 33.9L285.1 256 183.5 357.6c-9.4 9.4-9.4 24.6 0 33.9l17 17c9.4 9.4 24.6 9.4 33.9 0L369.9 273c9.4-9.4 9.4-24.6 0-34z\"><\/path><\/svg>\t\t\t\t<\/span>\n\t\t\t<\/div>\n\t\t\t\n\t\t\t\t\t\t<div class=\"elementor-icon-box-content\">\n\n\t\t\t\t\n\t\t\t\t\t\t\t\t\t<p class=\"elementor-icon-box-description\">\n\t\t\t\t\t\tPrograma financiado por el Ministerio de Educaci\u00f3n, Formaci\u00f3n Profesional y Deportes.\n\t\t\t\t\t<\/p>\n\t\t\t\t\n\t\t\t<\/div>\n\t\t\t\n\t\t<\/div>\n\t\t\t\t\t\t<\/div>\n\t\t\t\t<\/div>\n\t\t\t\t\t<\/div>\n\t\t\t\t<\/div>\n\t\t<div class=\"elementor-element elementor-element-5f838a3 e-flex e-con-boxed e-con e-child\" data-id=\"5f838a3\" data-element_type=\"container\">\n\t\t\t\t\t<div class=\"e-con-inner\">\n\t\t\t\t<div class=\"elementor-element elementor-element-71f7e48 elementor-widget elementor-widget-image\" data-id=\"71f7e48\" data-element_type=\"widget\" data-widget_type=\"image.default\">\n\t\t\t\t<div class=\"elementor-widget-container\">\n\t\t\t\t\t\t\t\t\t\t\t\t\t\t\t<img decoding=\"async\" width=\"230\" height=\"376\" data-src=\"https:\/\/claretsabadell.cat\/wp-content\/uploads\/2020\/05\/home-infantil.png\" class=\"attachment-large size-large wp-image-5133 lazyload\" alt=\"\" data-srcset=\"https:\/\/claretsabadell.cat\/wp-content\/uploads\/2020\/05\/home-infantil.png 230w, https:\/\/claretsabadell.cat\/wp-content\/uploads\/2020\/05\/home-infantil-184x300.png 184w\" data-sizes=\"(max-width: 230px) 100vw, 230px\" src=\"data:image\/svg+xml;base64,PHN2ZyB3aWR0aD0iMSIgaGVpZ2h0PSIxIiB4bWxucz0iaHR0cDovL3d3dy53My5vcmcvMjAwMC9zdmciPjwvc3ZnPg==\" style=\"--smush-placeholder-width: 230px; --smush-placeholder-aspect-ratio: 230\/376;\" \/>\t\t\t\t\t\t\t\t\t\t\t\t\t\t\t<\/div>\n\t\t\t\t<\/div>\n\t\t\t\t\t<\/div>\n\t\t\t\t<\/div>\n\t\t\t\t\t<\/div>\n\t\t\t\t<\/div>\n\t\t\t\t<\/div>\n\t\t<div class=\"elementor-element elementor-element-b976546 e-con-full e-flex e-con e-parent\" data-id=\"b976546\" data-element_type=\"container\" id=\"administracion\">\n\t\t<div class=\"elementor-element elementor-element-77faed4 e-flex e-con-boxed e-con e-child\" data-id=\"77faed4\" data-element_type=\"container\">\n\t\t\t\t\t<div class=\"e-con-inner\">\n\t\t<div class=\"elementor-element elementor-element-03ffef9 e-flex e-con-boxed e-con e-child\" data-id=\"03ffef9\" data-element_type=\"container\">\n\t\t\t\t\t<div class=\"e-con-inner\">\n\t\t\t\t<div class=\"elementor-element elementor-element-b24e978 elementor-position-left elementor-vertical-align-middle elementor-widget elementor-widget-image-box\" data-id=\"b24e978\" data-element_type=\"widget\" data-widget_type=\"image-box.default\">\n\t\t\t\t<div class=\"elementor-widget-container\">\n\t\t\t\t\t<div class=\"elementor-image-box-wrapper\"><figure class=\"elementor-image-box-img\"><img decoding=\"async\" width=\"32\" height=\"32\" data-src=\"https:\/\/claretsabadell.cat\/wp-content\/uploads\/2024\/03\/svgexport-12.svg\" class=\"attachment-full size-full wp-image-7353 lazyload\" alt=\"Administraci\u00f3\" src=\"data:image\/svg+xml;base64,PHN2ZyB3aWR0aD0iMSIgaGVpZ2h0PSIxIiB4bWxucz0iaHR0cDovL3d3dy53My5vcmcvMjAwMC9zdmciPjwvc3ZnPg==\" style=\"--smush-placeholder-width: 32px; --smush-placeholder-aspect-ratio: 32\/32;\" \/><\/figure><div class=\"elementor-image-box-content\"><h3 class=\"elementor-image-box-title\">Administraci\u00f3n<\/h3><\/div><\/div>\t\t\t\t<\/div>\n\t\t\t\t<\/div>\n\t\t\t\t<div class=\"elementor-element elementor-element-ae95d43 elementor-widget elementor-widget-text-editor\" data-id=\"ae95d43\" data-element_type=\"widget\" data-widget_type=\"text-editor.default\">\n\t\t\t\t<div class=\"elementor-widget-container\">\n\t\t\t\t\t\t\t\t\t<p><strong>Horario de secretar\u00eda:<\/strong><\/p>\n\t\t\t\t\t\t\t\t<\/div>\n\t\t\t\t<\/div>\n\t\t\t\t<div class=\"elementor-element elementor-element-ffc751c elementor-position-inline-start elementor-mobile-position-inline-start elementor-view-default elementor-widget elementor-widget-icon-box\" data-id=\"ffc751c\" data-element_type=\"widget\" data-widget_type=\"icon-box.default\">\n\t\t\t\t<div class=\"elementor-widget-container\">\n\t\t\t\t\t\t\t<div class=\"elementor-icon-box-wrapper\">\n\n\t\t\t\t\t\t<div class=\"elementor-icon-box-icon\">\n\t\t\t\t<span  class=\"elementor-icon\">\n\t\t\t\t<svg aria-hidden=\"true\" class=\"e-font-icon-svg e-fas-chevron-circle-right\" viewBox=\"0 0 512 512\" xmlns=\"http:\/\/www.w3.org\/2000\/svg\"><path d=\"M256 8c137 0 248 111 248 248S393 504 256 504 8 393 8 256 119 8 256 8zm113.9 231L234.4 103.5c-9.4-9.4-24.6-9.4-33.9 0l-17 17c-9.4 9.4-9.4 24.6 0 33.9L285.1 256 183.5 357.6c-9.4 9.4-9.4 24.6 0 33.9l17 17c9.4 9.4 24.6 9.4 33.9 0L369.9 273c9.4-9.4 9.4-24.6 0-34z\"><\/path><\/svg>\t\t\t\t<\/span>\n\t\t\t<\/div>\n\t\t\t\n\t\t\t\t\t\t<div class=\"elementor-icon-box-content\">\n\n\t\t\t\t\t\t\t\t\t<span class=\"elementor-icon-box-title\">\n\t\t\t\t\t\t<span  >\n\t\t\t\t\t\t\tMa\u00f1anas de 8h a 13h.\t\t\t\t\t\t<\/span>\n\t\t\t\t\t<\/span>\n\t\t\t\t\n\t\t\t\t\n\t\t\t<\/div>\n\t\t\t\n\t\t<\/div>\n\t\t\t\t\t\t<\/div>\n\t\t\t\t<\/div>\n\t\t\t\t<div class=\"elementor-element elementor-element-57e3340 elementor-position-inline-start elementor-mobile-position-inline-start elementor-view-default elementor-widget elementor-widget-icon-box\" data-id=\"57e3340\" data-element_type=\"widget\" data-widget_type=\"icon-box.default\">\n\t\t\t\t<div class=\"elementor-widget-container\">\n\t\t\t\t\t\t\t<div class=\"elementor-icon-box-wrapper\">\n\n\t\t\t\t\t\t<div class=\"elementor-icon-box-icon\">\n\t\t\t\t<span  class=\"elementor-icon\">\n\t\t\t\t<svg aria-hidden=\"true\" class=\"e-font-icon-svg e-fas-chevron-circle-right\" viewBox=\"0 0 512 512\" xmlns=\"http:\/\/www.w3.org\/2000\/svg\"><path d=\"M256 8c137 0 248 111 248 248S393 504 256 504 8 393 8 256 119 8 256 8zm113.9 231L234.4 103.5c-9.4-9.4-24.6-9.4-33.9 0l-17 17c-9.4 9.4-9.4 24.6 0 33.9L285.1 256 183.5 357.6c-9.4 9.4-9.4 24.6 0 33.9l17 17c9.4 9.4 24.6 9.4 33.9 0L369.9 273c9.4-9.4 9.4-24.6 0-34z\"><\/path><\/svg>\t\t\t\t<\/span>\n\t\t\t<\/div>\n\t\t\t\n\t\t\t\t\t\t<div class=\"elementor-icon-box-content\">\n\n\t\t\t\t\t\t\t\t\t<span class=\"elementor-icon-box-title\">\n\t\t\t\t\t\t<span  >\n\t\t\t\t\t\t\tTardes de 15h a 18,30h.\t\t\t\t\t\t<\/span>\n\t\t\t\t\t<\/span>\n\t\t\t\t\n\t\t\t\t\n\t\t\t<\/div>\n\t\t\t\n\t\t<\/div>\n\t\t\t\t\t\t<\/div>\n\t\t\t\t<\/div>\n\t\t\t\t<div class=\"elementor-element elementor-element-3163e13 elementor-widget elementor-widget-text-editor\" data-id=\"3163e13\" data-element_type=\"widget\" data-widget_type=\"text-editor.default\">\n\t\t\t\t<div class=\"elementor-widget-container\">\n\t\t\t\t\t\t\t\t\t<p><strong>Venta d&#8217;uniformes:<\/strong><\/p>\n\t\t\t\t\t\t\t\t<\/div>\n\t\t\t\t<\/div>\n\t\t\t\t<div class=\"elementor-element elementor-element-fa614f3 elementor-position-inline-start elementor-mobile-position-inline-start elementor-view-default elementor-widget elementor-widget-icon-box\" data-id=\"fa614f3\" data-element_type=\"widget\" data-widget_type=\"icon-box.default\">\n\t\t\t\t<div class=\"elementor-widget-container\">\n\t\t\t\t\t\t\t<div class=\"elementor-icon-box-wrapper\">\n\n\t\t\t\t\t\t<div class=\"elementor-icon-box-icon\">\n\t\t\t\t<span  class=\"elementor-icon\">\n\t\t\t\t<svg aria-hidden=\"true\" class=\"e-font-icon-svg e-fas-chevron-circle-right\" viewBox=\"0 0 512 512\" xmlns=\"http:\/\/www.w3.org\/2000\/svg\"><path d=\"M256 8c137 0 248 111 248 248S393 504 256 504 8 393 8 256 119 8 256 8zm113.9 231L234.4 103.5c-9.4-9.4-24.6-9.4-33.9 0l-17 17c-9.4 9.4-9.4 24.6 0 33.9L285.1 256 183.5 357.6c-9.4 9.4-9.4 24.6 0 33.9l17 17c9.4 9.4 24.6 9.4 33.9 0L369.9 273c9.4-9.4 9.4-24.6 0-34z\"><\/path><\/svg>\t\t\t\t<\/span>\n\t\t\t<\/div>\n\t\t\t\n\t\t\t\t\t\t<div class=\"elementor-icon-box-content\">\n\n\t\t\t\t\t\t\t\t\t<span class=\"elementor-icon-box-title\">\n\t\t\t\t\t\t<span  >\n\t\t\t\t\t\t\tTardes de 15h a 18,30h.\t\t\t\t\t\t<\/span>\n\t\t\t\t\t<\/span>\n\t\t\t\t\n\t\t\t\t\n\t\t\t<\/div>\n\t\t\t\n\t\t<\/div>\n\t\t\t\t\t\t<\/div>\n\t\t\t\t<\/div>\n\t\t\t\t\t<\/div>\n\t\t\t\t<\/div>\n\t\t<div class=\"elementor-element elementor-element-aef176c e-flex e-con-boxed e-con e-child\" data-id=\"aef176c\" data-element_type=\"container\">\n\t\t\t\t\t<div class=\"e-con-inner\">\n\t\t\t\t<div class=\"elementor-element elementor-element-d8780d1 elementor-widget elementor-widget-image\" data-id=\"d8780d1\" data-element_type=\"widget\" data-widget_type=\"image.default\">\n\t\t\t\t<div class=\"elementor-widget-container\">\n\t\t\t\t\t\t\t\t\t\t\t\t\t\t\t<img decoding=\"async\" width=\"800\" height=\"527\" data-src=\"https:\/\/claretsabadell.cat\/wp-content\/uploads\/2020\/05\/administracio-1024x674.png\" class=\"attachment-large size-large wp-image-5189 lazyload\" alt=\"administracio\" data-srcset=\"https:\/\/claretsabadell.cat\/wp-content\/uploads\/2020\/05\/administracio-1024x674.png 1024w, https:\/\/claretsabadell.cat\/wp-content\/uploads\/2020\/05\/administracio-300x197.png 300w, https:\/\/claretsabadell.cat\/wp-content\/uploads\/2020\/05\/administracio-768x505.png 768w, https:\/\/claretsabadell.cat\/wp-content\/uploads\/2020\/05\/administracio.png 1301w\" data-sizes=\"(max-width: 800px) 100vw, 800px\" src=\"data:image\/svg+xml;base64,PHN2ZyB3aWR0aD0iMSIgaGVpZ2h0PSIxIiB4bWxucz0iaHR0cDovL3d3dy53My5vcmcvMjAwMC9zdmciPjwvc3ZnPg==\" style=\"--smush-placeholder-width: 800px; --smush-placeholder-aspect-ratio: 800\/527;\" \/>\t\t\t\t\t\t\t\t\t\t\t\t\t\t\t<\/div>\n\t\t\t\t<\/div>\n\t\t\t\t\t<\/div>\n\t\t\t\t<\/div>\n\t\t\t\t\t<\/div>\n\t\t\t\t<\/div>\n\t\t\t\t<\/div>\n\t\t<div class=\"elementor-element elementor-element-11934a6 e-con-full e-flex e-con e-parent\" data-id=\"11934a6\" data-element_type=\"container\" id=\"otros\">\n\t\t<div class=\"elementor-element elementor-element-344c634 e-flex e-con-boxed e-con e-child\" data-id=\"344c634\" data-element_type=\"container\">\n\t\t\t\t\t<div class=\"e-con-inner\">\n\t\t<div class=\"elementor-element elementor-element-406c86c e-flex e-con-boxed e-con e-child\" data-id=\"406c86c\" data-element_type=\"container\">\n\t\t\t\t\t<div class=\"e-con-inner\">\n\t\t\t\t<div class=\"elementor-element elementor-element-074650e elementor-position-left elementor-vertical-align-middle elementor-widget elementor-widget-image-box\" data-id=\"074650e\" data-element_type=\"widget\" data-widget_type=\"image-box.default\">\n\t\t\t\t<div class=\"elementor-widget-container\">\n\t\t\t\t\t<div class=\"elementor-image-box-wrapper\"><figure class=\"elementor-image-box-img\"><img decoding=\"async\" width=\"32\" height=\"32\" data-src=\"https:\/\/claretsabadell.cat\/wp-content\/uploads\/2024\/03\/svgexport-12.svg\" class=\"attachment-full size-full wp-image-7353 lazyload\" alt=\"Administraci\u00f3\" src=\"data:image\/svg+xml;base64,PHN2ZyB3aWR0aD0iMSIgaGVpZ2h0PSIxIiB4bWxucz0iaHR0cDovL3d3dy53My5vcmcvMjAwMC9zdmciPjwvc3ZnPg==\" style=\"--smush-placeholder-width: 32px; --smush-placeholder-aspect-ratio: 32\/32;\" \/><\/figure><div class=\"elementor-image-box-content\"><h3 class=\"elementor-image-box-title\">Otros<\/h3><\/div><\/div>\t\t\t\t<\/div>\n\t\t\t\t<\/div>\n\t\t\t\t<div class=\"elementor-element elementor-element-7c17cbf elementor-position-inline-start elementor-mobile-position-inline-start elementor-view-default elementor-widget elementor-widget-icon-box\" data-id=\"7c17cbf\" data-element_type=\"widget\" data-widget_type=\"icon-box.default\">\n\t\t\t\t<div class=\"elementor-widget-container\">\n\t\t\t\t\t\t\t<div class=\"elementor-icon-box-wrapper\">\n\n\t\t\t\t\t\t<div class=\"elementor-icon-box-icon\">\n\t\t\t\t<span  class=\"elementor-icon\">\n\t\t\t\t<svg aria-hidden=\"true\" class=\"e-font-icon-svg e-fas-chevron-circle-right\" viewBox=\"0 0 512 512\" xmlns=\"http:\/\/www.w3.org\/2000\/svg\"><path d=\"M256 8c137 0 248 111 248 248S393 504 256 504 8 393 8 256 119 8 256 8zm113.9 231L234.4 103.5c-9.4-9.4-24.6-9.4-33.9 0l-17 17c-9.4 9.4-9.4 24.6 0 33.9L285.1 256 183.5 357.6c-9.4 9.4-9.4 24.6 0 33.9l17 17c9.4 9.4 24.6 9.4 33.9 0L369.9 273c9.4-9.4 9.4-24.6 0-34z\"><\/path><\/svg>\t\t\t\t<\/span>\n\t\t\t<\/div>\n\t\t\t\n\t\t\t\t\t\t<div class=\"elementor-icon-box-content\">\n\n\t\t\t\t\t\t\t\t\t<span class=\"elementor-icon-box-title\">\n\t\t\t\t\t\t<span  >\n\t\t\t\t\t\t\tSeguro escolar: FERMA\t\t\t\t\t\t<\/span>\n\t\t\t\t\t<\/span>\n\t\t\t\t\n\t\t\t\t\n\t\t\t<\/div>\n\t\t\t\n\t\t<\/div>\n\t\t\t\t\t\t<\/div>\n\t\t\t\t<\/div>\n\t\t\t\t<div class=\"elementor-element elementor-element-0b48dde elementor-position-inline-start elementor-mobile-position-inline-start elementor-view-default elementor-widget elementor-widget-icon-box\" data-id=\"0b48dde\" data-element_type=\"widget\" data-widget_type=\"icon-box.default\">\n\t\t\t\t<div class=\"elementor-widget-container\">\n\t\t\t\t\t\t\t<div class=\"elementor-icon-box-wrapper\">\n\n\t\t\t\t\t\t<div class=\"elementor-icon-box-icon\">\n\t\t\t\t<span  class=\"elementor-icon\">\n\t\t\t\t<svg aria-hidden=\"true\" class=\"e-font-icon-svg e-fas-chevron-circle-right\" viewBox=\"0 0 512 512\" xmlns=\"http:\/\/www.w3.org\/2000\/svg\"><path d=\"M256 8c137 0 248 111 248 248S393 504 256 504 8 393 8 256 119 8 256 8zm113.9 231L234.4 103.5c-9.4-9.4-24.6-9.4-33.9 0l-17 17c-9.4 9.4-9.4 24.6 0 33.9L285.1 256 183.5 357.6c-9.4 9.4-9.4 24.6 0 33.9l17 17c9.4 9.4 24.6 9.4 33.9 0L369.9 273c9.4-9.4 9.4-24.6 0-34z\"><\/path><\/svg>\t\t\t\t<\/span>\n\t\t\t<\/div>\n\t\t\t\n\t\t\t\t\t\t<div class=\"elementor-icon-box-content\">\n\n\t\t\t\t\t\t\t\t\t<span class=\"elementor-icon-box-title\">\n\t\t\t\t\t\t<span  >\n\t\t\t\t\t\t\tRevisi\u00f3n m\u00e9dica: CORPORACI\u00d3 M\u00c8DICA CME. S.L.\t\t\t\t\t\t<\/span>\n\t\t\t\t\t<\/span>\n\t\t\t\t\n\t\t\t\t\n\t\t\t<\/div>\n\t\t\t\n\t\t<\/div>\n\t\t\t\t\t\t<\/div>\n\t\t\t\t<\/div>\n\t\t\t\t<div class=\"elementor-element elementor-element-e59818f elementor-position-inline-start elementor-mobile-position-inline-start elementor-view-default elementor-widget elementor-widget-icon-box\" data-id=\"e59818f\" data-element_type=\"widget\" data-widget_type=\"icon-box.default\">\n\t\t\t\t<div class=\"elementor-widget-container\">\n\t\t\t\t\t\t\t<div class=\"elementor-icon-box-wrapper\">\n\n\t\t\t\t\t\t<div class=\"elementor-icon-box-icon\">\n\t\t\t\t<span  class=\"elementor-icon\">\n\t\t\t\t<svg aria-hidden=\"true\" class=\"e-font-icon-svg e-fas-chevron-circle-right\" viewBox=\"0 0 512 512\" xmlns=\"http:\/\/www.w3.org\/2000\/svg\"><path d=\"M256 8c137 0 248 111 248 248S393 504 256 504 8 393 8 256 119 8 256 8zm113.9 231L234.4 103.5c-9.4-9.4-24.6-9.4-33.9 0l-17 17c-9.4 9.4-9.4 24.6 0 33.9L285.1 256 183.5 357.6c-9.4 9.4-9.4 24.6 0 33.9l17 17c9.4 9.4 24.6 9.4 33.9 0L369.9 273c9.4-9.4 9.4-24.6 0-34z\"><\/path><\/svg>\t\t\t\t<\/span>\n\t\t\t<\/div>\n\t\t\t\n\t\t\t\t\t\t<div class=\"elementor-icon-box-content\">\n\n\t\t\t\t\t\t\t\t\t<span class=\"elementor-icon-box-title\">\n\t\t\t\t\t\t<span  >\n\t\t\t\t\t\t\tServicio logopedia: CORPORACI\u00d3 M\u00c8DICA CME. S.L.\t\t\t\t\t\t<\/span>\n\t\t\t\t\t<\/span>\n\t\t\t\t\n\t\t\t\t\n\t\t\t<\/div>\n\t\t\t\n\t\t<\/div>\n\t\t\t\t\t\t<\/div>\n\t\t\t\t<\/div>\n\t\t\t\t<div class=\"elementor-element elementor-element-93650ab elementor-widget elementor-widget-html\" data-id=\"93650ab\" data-element_type=\"widget\" data-widget_type=\"html.default\">\n\t\t\t\t<div class=\"elementor-widget-container\">\n\t\t\t\t\t<style class=\"accordion-closed-on-load\">\r\nbody:not(.elementor-editor-active) .elementor-widget-accordion .elementor-tab-content {\r\ndisplay: none!important;\r\n}\r\n<\/style>\r\n<script>\r\nwindow.addEventListener('load', function() {\r\nsetTimeout(function(){\r\ndocument.querySelector('.accordion-closed-on-load').remove();\r\nlet accordionsElems = document.querySelectorAll('.elementor-widget-accordion')\r\naccordionsElems.forEach(e => {\r\nlet activeTitle = e.querySelector('.elementor-tab-title.elementor-active');\r\nlet activeContent = e.querySelector('.elementor-tab-content.elementor-active')\r\njQuery(activeContent).hide();\r\nactiveTitle.classList.remove('elementor-active');\r\nactiveContent.classList.remove('elementor-active');\r\nactiveContent.setAttribute('hidden','hidden');\r\nactiveTitle.setAttribute('aria-expanded',false);\r\nactiveTitle.setAttribute('aria-selected',false);\r\nactiveTitle.setAttribute('tabindex',-1);\r\n});\r\n},100);\r\n});\r\n<\/script>\r\n<style>\r\n    \/*formulario diferente*\/\r\n   .nf-form-content .list-select-wrap .nf-field-element>div, .nf-form-content input:not([type=button]), .nf-form-content textarea{\r\n       border: 1px solid #c4c4c4!important;\r\n       color: #555!important;\r\n   }\r\n   ::placeholder{\r\n       color: #555!important;\r\n   }\r\n   .nf-form-cont select.ninja-forms-field {\r\n    border-radius: 0;\r\n    color: #555!important;\r\n    font-size: 16px;\r\n    font-family: \"Asap\", Sans-serif;\r\n    line-height: 22px;\r\n    padding-top: 5px;\r\n    padding-bottom: 5px;\r\n    padding-left: 14px;\r\n    padding-right: 14px;\r\n    border-color: #c4c4c4!important;\r\n    border-width: 1px!important;\r\n    border-style: solid solid solid solid!important;\r\n    }\r\n    .nf-field-description{\r\n        color:rgb(165,165,165)!important;\r\n    }\r\n<\/style>\t\t\t\t<\/div>\n\t\t\t\t<\/div>\n\t\t\t\t\t<\/div>\n\t\t\t\t<\/div>\n\t\t<div class=\"elementor-element elementor-element-99dc25d e-flex e-con-boxed e-con e-child\" data-id=\"99dc25d\" data-element_type=\"container\">\n\t\t\t\t\t<div class=\"e-con-inner\">\n\t\t\t\t<div class=\"elementor-element elementor-element-3cec408 elementor-widget elementor-widget-image\" data-id=\"3cec408\" data-element_type=\"widget\" data-widget_type=\"image.default\">\n\t\t\t\t<div class=\"elementor-widget-container\">\n\t\t\t\t\t\t\t\t\t\t\t\t\t\t\t<img decoding=\"async\" width=\"800\" height=\"527\" data-src=\"https:\/\/claretsabadell.cat\/wp-content\/uploads\/2020\/05\/altres-1024x674.png\" class=\"attachment-large size-large wp-image-5190 lazyload\" alt=\"\" data-srcset=\"https:\/\/claretsabadell.cat\/wp-content\/uploads\/2020\/05\/altres-1024x674.png 1024w, https:\/\/claretsabadell.cat\/wp-content\/uploads\/2020\/05\/altres-300x197.png 300w, https:\/\/claretsabadell.cat\/wp-content\/uploads\/2020\/05\/altres-768x505.png 768w, https:\/\/claretsabadell.cat\/wp-content\/uploads\/2020\/05\/altres.png 1301w\" data-sizes=\"(max-width: 800px) 100vw, 800px\" src=\"data:image\/svg+xml;base64,PHN2ZyB3aWR0aD0iMSIgaGVpZ2h0PSIxIiB4bWxucz0iaHR0cDovL3d3dy53My5vcmcvMjAwMC9zdmciPjwvc3ZnPg==\" style=\"--smush-placeholder-width: 800px; --smush-placeholder-aspect-ratio: 800\/527;\" \/>\t\t\t\t\t\t\t\t\t\t\t\t\t\t\t<\/div>\n\t\t\t\t<\/div>\n\t\t\t\t\t<\/div>\n\t\t\t\t<\/div>\n\t\t\t\t\t<\/div>\n\t\t\t\t<\/div>\n\t\t\t\t<\/div>\n\t\t\t\t<\/div>\n\t\t","protected":false},"excerpt":{"rendered":"<p>Servicios del colegio Acogida La acogida est\u00e1 pensada para todas aquellas familias que, de manera fija o espor\u00e1dica, necesiten traer a sus hijos a la escuela antes de que \u00e9sta abra las puertas a las 8:45 h. En este rato se ofrece un espacio agradable y l\u00fadico donde los ni\u00f1os pueden jugar, dibujar, mirar cuentos&#8230; [&hellip;]<\/p>\n","protected":false},"author":2,"featured_media":0,"parent":0,"menu_order":0,"comment_status":"closed","ping_status":"closed","template":"elementor_header_footer","meta":{"inline_featured_image":false,"_joinchat":[],"footnotes":""},"class_list":["post-7421","page","type-page","status-publish","hentry"],"yoast_head":"<!-- This site is optimized with the Yoast SEO plugin v27.5 - https:\/\/yoast.com\/product\/yoast-seo-wordpress\/ -->\n<title>Servicios del colegio - Col\u00b7legi Claret<\/title>\n<meta name=\"robots\" content=\"index, follow, max-snippet:-1, max-image-preview:large, max-video-preview:-1\" \/>\n<link rel=\"canonical\" href=\"https:\/\/claretsabadell.cat\/es\/servicios\/\" \/>\n<meta property=\"og:locale\" content=\"es_ES\" \/>\n<meta property=\"og:type\" content=\"article\" \/>\n<meta property=\"og:title\" content=\"Servicios del colegio - Col\u00b7legi Claret\" \/>\n<meta property=\"og:description\" content=\"Servicios del colegio Acogida La acogida est\u00e1 pensada para todas aquellas familias que, de manera fija o espor\u00e1dica, necesiten traer a sus hijos a la escuela antes de que \u00e9sta abra las puertas a las 8:45 h. En este rato se ofrece un espacio agradable y l\u00fadico donde los ni\u00f1os pueden jugar, dibujar, mirar cuentos&#8230; [&hellip;]\" \/>\n<meta property=\"og:url\" content=\"https:\/\/claretsabadell.cat\/es\/servicios\/\" \/>\n<meta property=\"og:site_name\" content=\"Col\u00b7legi Claret\" \/>\n<meta property=\"article:publisher\" content=\"https:\/\/www.facebook.com\/ClaretSabadell\/\" \/>\n<meta property=\"article:modified_time\" content=\"2026-04-29T12:14:21+00:00\" \/>\n<meta name=\"twitter:label1\" content=\"Tiempo de lectura\" \/>\n\t<meta name=\"twitter:data1\" content=\"11 minutos\" \/>\n<script type=\"application\/ld+json\" class=\"yoast-schema-graph\">{\"@context\":\"https:\\\/\\\/schema.org\",\"@graph\":[{\"@type\":\"WebPage\",\"@id\":\"https:\\\/\\\/claretsabadell.cat\\\/es\\\/servicios\\\/\",\"url\":\"https:\\\/\\\/claretsabadell.cat\\\/es\\\/servicios\\\/\",\"name\":\"Servicios del colegio - Col\u00b7legi Claret\",\"isPartOf\":{\"@id\":\"https:\\\/\\\/claretsabadell.cat\\\/es\\\/#website\"},\"primaryImageOfPage\":{\"@id\":\"https:\\\/\\\/claretsabadell.cat\\\/es\\\/servicios\\\/#primaryimage\"},\"image\":{\"@id\":\"https:\\\/\\\/claretsabadell.cat\\\/es\\\/servicios\\\/#primaryimage\"},\"thumbnailUrl\":\"https:\\\/\\\/claretsabadell.cat\\\/wp-content\\\/uploads\\\/2024\\\/03\\\/svgexport-5.svg\",\"datePublished\":\"2020-05-20T10:01:52+00:00\",\"dateModified\":\"2026-04-29T12:14:21+00:00\",\"breadcrumb\":{\"@id\":\"https:\\\/\\\/claretsabadell.cat\\\/es\\\/servicios\\\/#breadcrumb\"},\"inLanguage\":\"es\",\"potentialAction\":[{\"@type\":\"ReadAction\",\"target\":[\"https:\\\/\\\/claretsabadell.cat\\\/es\\\/servicios\\\/\"]}]},{\"@type\":\"ImageObject\",\"inLanguage\":\"es\",\"@id\":\"https:\\\/\\\/claretsabadell.cat\\\/es\\\/servicios\\\/#primaryimage\",\"url\":\"https:\\\/\\\/claretsabadell.cat\\\/wp-content\\\/uploads\\\/2024\\\/03\\\/svgexport-5.svg\",\"contentUrl\":\"https:\\\/\\\/claretsabadell.cat\\\/wp-content\\\/uploads\\\/2024\\\/03\\\/svgexport-5.svg\"},{\"@type\":\"BreadcrumbList\",\"@id\":\"https:\\\/\\\/claretsabadell.cat\\\/es\\\/servicios\\\/#breadcrumb\",\"itemListElement\":[{\"@type\":\"ListItem\",\"position\":1,\"name\":\"Inici\",\"item\":\"https:\\\/\\\/claretsabadell.cat\\\/es\\\/\"},{\"@type\":\"ListItem\",\"position\":2,\"name\":\"Servicios del colegio\"}]},{\"@type\":\"WebSite\",\"@id\":\"https:\\\/\\\/claretsabadell.cat\\\/es\\\/#website\",\"url\":\"https:\\\/\\\/claretsabadell.cat\\\/es\\\/\",\"name\":\"Col\u00b7legi Claret\",\"description\":\"Educaci\u00f3 infantil, educaci\u00f3 prim\u00e0ria, ESO a Sabadell\",\"publisher\":{\"@id\":\"https:\\\/\\\/claretsabadell.cat\\\/es\\\/#organization\"},\"potentialAction\":[{\"@type\":\"SearchAction\",\"target\":{\"@type\":\"EntryPoint\",\"urlTemplate\":\"https:\\\/\\\/claretsabadell.cat\\\/es\\\/?s={search_term_string}\"},\"query-input\":{\"@type\":\"PropertyValueSpecification\",\"valueRequired\":true,\"valueName\":\"search_term_string\"}}],\"inLanguage\":\"es\"},{\"@type\":\"Organization\",\"@id\":\"https:\\\/\\\/claretsabadell.cat\\\/es\\\/#organization\",\"name\":\"Col\u00b7legi Claret Sabadell\",\"url\":\"https:\\\/\\\/claretsabadell.cat\\\/es\\\/\",\"logo\":{\"@type\":\"ImageObject\",\"inLanguage\":\"es\",\"@id\":\"https:\\\/\\\/claretsabadell.cat\\\/es\\\/#\\\/schema\\\/logo\\\/image\\\/\",\"url\":\"https:\\\/\\\/claretsabadell.cat\\\/wp-content\\\/uploads\\\/2020\\\/05\\\/claretsabadell.png\",\"contentUrl\":\"https:\\\/\\\/claretsabadell.cat\\\/wp-content\\\/uploads\\\/2020\\\/05\\\/claretsabadell.png\",\"width\":296,\"height\":100,\"caption\":\"Col\u00b7legi Claret Sabadell\"},\"image\":{\"@id\":\"https:\\\/\\\/claretsabadell.cat\\\/es\\\/#\\\/schema\\\/logo\\\/image\\\/\"},\"sameAs\":[\"https:\\\/\\\/www.facebook.com\\\/ClaretSabadell\\\/\",\"https:\\\/\\\/www.instagram.com\\\/claretsabadell\\\/\"]}]}<\/script>\n<!-- \/ Yoast SEO plugin. -->","yoast_head_json":{"title":"Servicios del colegio - Col\u00b7legi Claret","robots":{"index":"index","follow":"follow","max-snippet":"max-snippet:-1","max-image-preview":"max-image-preview:large","max-video-preview":"max-video-preview:-1"},"canonical":"https:\/\/claretsabadell.cat\/es\/servicios\/","og_locale":"es_ES","og_type":"article","og_title":"Servicios del colegio - Col\u00b7legi Claret","og_description":"Servicios del colegio Acogida La acogida est\u00e1 pensada para todas aquellas familias que, de manera fija o espor\u00e1dica, necesiten traer a sus hijos a la escuela antes de que \u00e9sta abra las puertas a las 8:45 h. En este rato se ofrece un espacio agradable y l\u00fadico donde los ni\u00f1os pueden jugar, dibujar, mirar cuentos&#8230; [&hellip;]","og_url":"https:\/\/claretsabadell.cat\/es\/servicios\/","og_site_name":"Col\u00b7legi Claret","article_publisher":"https:\/\/www.facebook.com\/ClaretSabadell\/","article_modified_time":"2026-04-29T12:14:21+00:00","twitter_misc":{"Tiempo de lectura":"11 minutos"},"schema":{"@context":"https:\/\/schema.org","@graph":[{"@type":"WebPage","@id":"https:\/\/claretsabadell.cat\/es\/servicios\/","url":"https:\/\/claretsabadell.cat\/es\/servicios\/","name":"Servicios del colegio - Col\u00b7legi Claret","isPartOf":{"@id":"https:\/\/claretsabadell.cat\/es\/#website"},"primaryImageOfPage":{"@id":"https:\/\/claretsabadell.cat\/es\/servicios\/#primaryimage"},"image":{"@id":"https:\/\/claretsabadell.cat\/es\/servicios\/#primaryimage"},"thumbnailUrl":"https:\/\/claretsabadell.cat\/wp-content\/uploads\/2024\/03\/svgexport-5.svg","datePublished":"2020-05-20T10:01:52+00:00","dateModified":"2026-04-29T12:14:21+00:00","breadcrumb":{"@id":"https:\/\/claretsabadell.cat\/es\/servicios\/#breadcrumb"},"inLanguage":"es","potentialAction":[{"@type":"ReadAction","target":["https:\/\/claretsabadell.cat\/es\/servicios\/"]}]},{"@type":"ImageObject","inLanguage":"es","@id":"https:\/\/claretsabadell.cat\/es\/servicios\/#primaryimage","url":"https:\/\/claretsabadell.cat\/wp-content\/uploads\/2024\/03\/svgexport-5.svg","contentUrl":"https:\/\/claretsabadell.cat\/wp-content\/uploads\/2024\/03\/svgexport-5.svg"},{"@type":"BreadcrumbList","@id":"https:\/\/claretsabadell.cat\/es\/servicios\/#breadcrumb","itemListElement":[{"@type":"ListItem","position":1,"name":"Inici","item":"https:\/\/claretsabadell.cat\/es\/"},{"@type":"ListItem","position":2,"name":"Servicios del colegio"}]},{"@type":"WebSite","@id":"https:\/\/claretsabadell.cat\/es\/#website","url":"https:\/\/claretsabadell.cat\/es\/","name":"Col\u00b7legi Claret","description":"Educaci\u00f3 infantil, educaci\u00f3 prim\u00e0ria, ESO a Sabadell","publisher":{"@id":"https:\/\/claretsabadell.cat\/es\/#organization"},"potentialAction":[{"@type":"SearchAction","target":{"@type":"EntryPoint","urlTemplate":"https:\/\/claretsabadell.cat\/es\/?s={search_term_string}"},"query-input":{"@type":"PropertyValueSpecification","valueRequired":true,"valueName":"search_term_string"}}],"inLanguage":"es"},{"@type":"Organization","@id":"https:\/\/claretsabadell.cat\/es\/#organization","name":"Col\u00b7legi Claret Sabadell","url":"https:\/\/claretsabadell.cat\/es\/","logo":{"@type":"ImageObject","inLanguage":"es","@id":"https:\/\/claretsabadell.cat\/es\/#\/schema\/logo\/image\/","url":"https:\/\/claretsabadell.cat\/wp-content\/uploads\/2020\/05\/claretsabadell.png","contentUrl":"https:\/\/claretsabadell.cat\/wp-content\/uploads\/2020\/05\/claretsabadell.png","width":296,"height":100,"caption":"Col\u00b7legi Claret Sabadell"},"image":{"@id":"https:\/\/claretsabadell.cat\/es\/#\/schema\/logo\/image\/"},"sameAs":["https:\/\/www.facebook.com\/ClaretSabadell\/","https:\/\/www.instagram.com\/claretsabadell\/"]}]}},"_links":{"self":[{"href":"https:\/\/claretsabadell.cat\/es\/wp-json\/wp\/v2\/pages\/7421","targetHints":{"allow":["GET"]}}],"collection":[{"href":"https:\/\/claretsabadell.cat\/es\/wp-json\/wp\/v2\/pages"}],"about":[{"href":"https:\/\/claretsabadell.cat\/es\/wp-json\/wp\/v2\/types\/page"}],"author":[{"embeddable":true,"href":"https:\/\/claretsabadell.cat\/es\/wp-json\/wp\/v2\/users\/2"}],"replies":[{"embeddable":true,"href":"https:\/\/claretsabadell.cat\/es\/wp-json\/wp\/v2\/comments?post=7421"}],"version-history":[{"count":264,"href":"https:\/\/claretsabadell.cat\/es\/wp-json\/wp\/v2\/pages\/7421\/revisions"}],"predecessor-version":[{"id":9878,"href":"https:\/\/claretsabadell.cat\/es\/wp-json\/wp\/v2\/pages\/7421\/revisions\/9878"}],"wp:attachment":[{"href":"https:\/\/claretsabadell.cat\/es\/wp-json\/wp\/v2\/media?parent=7421"}],"curies":[{"name":"wp","href":"https:\/\/api.w.org\/{rel}","templated":true}]}}