{"id":7461,"date":"2020-05-21T10:46:51","date_gmt":"2020-05-21T08:46:51","guid":{"rendered":"https:\/\/claretsabadell.cat\/himno\/"},"modified":"2024-04-05T14:12:25","modified_gmt":"2024-04-05T12:12:25","slug":"himno","status":"publish","type":"page","link":"https:\/\/claretsabadell.cat\/es\/himno\/","title":{"rendered":"Himno"},"content":{"rendered":"\t\t<div data-elementor-type=\"wp-page\" data-elementor-id=\"7461\" class=\"elementor elementor-7461 elementor-5048\" data-elementor-post-type=\"page\">\n\t\t\t\t<div class=\"elementor-element elementor-element-b0ede54 e-con-full e-flex e-con e-parent\" data-id=\"b0ede54\" data-element_type=\"container\" data-settings=\"{&quot;background_background&quot;:&quot;classic&quot;}\">\n\t\t\t\t<div class=\"elementor-element elementor-element-4487d2f elementor-widget elementor-widget-spacer\" data-id=\"4487d2f\" data-element_type=\"widget\" data-widget_type=\"spacer.default\">\n\t\t\t\t<div class=\"elementor-widget-container\">\n\t\t\t\t\t\t\t<div class=\"elementor-spacer\">\n\t\t\t<div class=\"elementor-spacer-inner\"><\/div>\n\t\t<\/div>\n\t\t\t\t\t\t<\/div>\n\t\t\t\t<\/div>\n\t\t\t\t<div class=\"elementor-element elementor-element-8f9282f elementor-widget elementor-widget-heading\" data-id=\"8f9282f\" data-element_type=\"widget\" data-widget_type=\"heading.default\">\n\t\t\t\t<div class=\"elementor-widget-container\">\n\t\t\t\t\t<h1 class=\"elementor-heading-title elementor-size-default\">Himno<\/h1>\t\t\t\t<\/div>\n\t\t\t\t<\/div>\n\t\t\t\t<div class=\"elementor-element elementor-element-fb170c6 elementor-widget-divider--view-line elementor-widget elementor-widget-divider\" data-id=\"fb170c6\" data-element_type=\"widget\" data-widget_type=\"divider.default\">\n\t\t\t\t<div class=\"elementor-widget-container\">\n\t\t\t\t\t\t\t<div class=\"elementor-divider\">\n\t\t\t<span class=\"elementor-divider-separator\">\n\t\t\t\t\t\t<\/span>\n\t\t<\/div>\n\t\t\t\t\t\t<\/div>\n\t\t\t\t<\/div>\n\t\t\t\t<\/div>\n\t\t<div class=\"elementor-element elementor-element-efe6251 e-con-full e-flex e-con e-parent\" data-id=\"efe6251\" data-element_type=\"container\" data-settings=\"{&quot;background_background&quot;:&quot;classic&quot;,&quot;shape_divider_bottom&quot;:&quot;triangle-asymmetrical&quot;,&quot;shape_divider_bottom_negative&quot;:&quot;yes&quot;}\">\n\t\t\t\t<div class=\"elementor-shape elementor-shape-bottom\" aria-hidden=\"true\" data-negative=\"true\">\n\t\t\t<svg xmlns=\"http:\/\/www.w3.org\/2000\/svg\" viewBox=\"0 0 1000 100\" preserveAspectRatio=\"none\">\n\t<path class=\"elementor-shape-fill\" d=\"M737.9,94.7L0,0v100h1000V0L737.9,94.7z\"\/>\n<\/svg>\t\t<\/div>\n\t\t<div class=\"elementor-element elementor-element-28fb512 e-flex e-con-boxed e-con e-child\" data-id=\"28fb512\" data-element_type=\"container\">\n\t\t\t\t\t<div class=\"e-con-inner\">\n\t\t<div class=\"elementor-element elementor-element-c3d3640 e-flex e-con-boxed e-con e-child\" data-id=\"c3d3640\" data-element_type=\"container\">\n\t\t\t\t\t<div class=\"e-con-inner\">\n\t\t\t\t<div class=\"elementor-element elementor-element-ccf9c24 elementor-widget-tablet__width-initial elementor-widget elementor-widget-heading\" data-id=\"ccf9c24\" data-element_type=\"widget\" data-widget_type=\"heading.default\">\n\t\t\t\t<div class=\"elementor-widget-container\">\n\t\t\t\t\t<h2 class=\"elementor-heading-title elementor-size-default\">Himno del Colegio Claret<\/h2>\t\t\t\t<\/div>\n\t\t\t\t<\/div>\n\t\t\t\t<div class=\"elementor-element elementor-element-6d5b50c elementor-widget-divider--view-line elementor-widget elementor-widget-divider\" data-id=\"6d5b50c\" data-element_type=\"widget\" data-widget_type=\"divider.default\">\n\t\t\t\t<div class=\"elementor-widget-container\">\n\t\t\t\t\t\t\t<div class=\"elementor-divider\">\n\t\t\t<span class=\"elementor-divider-separator\">\n\t\t\t\t\t\t<\/span>\n\t\t<\/div>\n\t\t\t\t\t\t<\/div>\n\t\t\t\t<\/div>\n\t\t\t\t<div class=\"elementor-element elementor-element-51798be elementor-widget elementor-widget-text-editor\" data-id=\"51798be\" data-element_type=\"widget\" data-widget_type=\"text-editor.default\">\n\t\t\t\t<div class=\"elementor-widget-container\">\n\t\t\t\t\t\t\t\t\t<p>Cantem companys, cantem una can\u00e7\u00f3,<br \/>\nque alegri nostra vida que abrandi el nostre amor.<br \/>\nCantem, cantem, de joia els cors omplerts,<br \/>\nun himne de lloan\u00e7a al col\u00b7legi Claret,<br \/>\nun himne de lloan\u00e7a al col\u00b7legi Claret.<\/p>\n<p>Ens ensenya el cam\u00ed que duu la vida,<br \/>\nens ensenya el cam\u00ed que duu l\u2019amor,<br \/>\na l\u2019amor de Jes\u00fas i de Maria,<br \/>\nels pares, els companys, els professors\u2026<\/p>\n<p>Cercant sempre la virtut i la ci\u00e8ncia,<br \/>\ncaminem ben segurs pel cam\u00ed dret,<br \/>\nsota un cel blau de joia i jovenesa<br \/>\nque \u00e9s nostre guia<\/p>\n<p><strong>San Antonio Mar\u00eda Claret<\/strong><\/p>\n\t\t\t\t\t\t\t\t<\/div>\n\t\t\t\t<\/div>\n\t\t\t\t\t<\/div>\n\t\t\t\t<\/div>\n\t\t<div class=\"elementor-element elementor-element-5d0484c e-flex e-con-boxed e-con e-child\" data-id=\"5d0484c\" data-element_type=\"container\">\n\t\t\t\t\t<div class=\"e-con-inner\">\n\t\t\t\t<div class=\"elementor-element elementor-element-dab6d30 elementor-widget elementor-widget-video\" data-id=\"dab6d30\" data-element_type=\"widget\" data-settings=\"{&quot;youtube_url&quot;:&quot;https:\\\/\\\/www.youtube.com\\\/watch?v=n6Ek-FX3w5c&quot;,&quot;video_type&quot;:&quot;youtube&quot;,&quot;controls&quot;:&quot;yes&quot;}\" data-widget_type=\"video.default\">\n\t\t\t\t<div class=\"elementor-widget-container\">\n\t\t\t\t\t\t\t<div class=\"elementor-wrapper elementor-open-inline\">\n\t\t\t<div class=\"elementor-video\"><\/div>\t\t<\/div>\n\t\t\t\t\t\t<\/div>\n\t\t\t\t<\/div>\n\t\t\t\t\t<\/div>\n\t\t\t\t<\/div>\n\t\t\t\t\t<\/div>\n\t\t\t\t<\/div>\n\t\t\t\t<\/div>\n\t\t\t\t<\/div>\n\t\t","protected":false},"excerpt":{"rendered":"<p>Himno Himno del Colegio Claret Cantem companys, cantem una can\u00e7\u00f3, que alegri nostra vida que abrandi el nostre amor. Cantem, cantem, de joia els cors omplerts, un himne de lloan\u00e7a al col\u00b7legi Claret, un himne de lloan\u00e7a al col\u00b7legi Claret. Ens ensenya el cam\u00ed que duu la vida, ens ensenya el cam\u00ed que duu l\u2019amor, [&hellip;]<\/p>\n","protected":false},"author":2,"featured_media":0,"parent":0,"menu_order":0,"comment_status":"closed","ping_status":"closed","template":"elementor_header_footer","meta":{"inline_featured_image":false,"_joinchat":[],"footnotes":""},"class_list":["post-7461","page","type-page","status-publish","hentry"],"yoast_head":"<!-- This site is optimized with the Yoast SEO plugin v27.5 - https:\/\/yoast.com\/product\/yoast-seo-wordpress\/ -->\n<title>Himno - Col\u00b7legi Claret<\/title>\n<meta name=\"robots\" content=\"index, follow, max-snippet:-1, max-image-preview:large, max-video-preview:-1\" \/>\n<link rel=\"canonical\" href=\"https:\/\/claretsabadell.cat\/es\/himno\/\" \/>\n<meta property=\"og:locale\" content=\"es_ES\" \/>\n<meta property=\"og:type\" content=\"article\" \/>\n<meta property=\"og:title\" content=\"Himno - Col\u00b7legi Claret\" \/>\n<meta property=\"og:description\" content=\"Himno Himno del Colegio Claret Cantem companys, cantem una can\u00e7\u00f3, que alegri nostra vida que abrandi el nostre amor. Cantem, cantem, de joia els cors omplerts, un himne de lloan\u00e7a al col\u00b7legi Claret, un himne de lloan\u00e7a al col\u00b7legi Claret. Ens ensenya el cam\u00ed que duu la vida, ens ensenya el cam\u00ed que duu l\u2019amor, [&hellip;]\" \/>\n<meta property=\"og:url\" content=\"https:\/\/claretsabadell.cat\/es\/himno\/\" \/>\n<meta property=\"og:site_name\" content=\"Col\u00b7legi Claret\" \/>\n<meta property=\"article:publisher\" content=\"https:\/\/www.facebook.com\/ClaretSabadell\/\" \/>\n<meta property=\"article:modified_time\" content=\"2024-04-05T12:12:25+00:00\" \/>\n<meta name=\"twitter:label1\" content=\"Tiempo de lectura\" \/>\n\t<meta name=\"twitter:data1\" content=\"1 minuto\" \/>\n<script type=\"application\/ld+json\" class=\"yoast-schema-graph\">{\"@context\":\"https:\\\/\\\/schema.org\",\"@graph\":[{\"@type\":\"WebPage\",\"@id\":\"https:\\\/\\\/claretsabadell.cat\\\/es\\\/himno\\\/\",\"url\":\"https:\\\/\\\/claretsabadell.cat\\\/es\\\/himno\\\/\",\"name\":\"Himno - Col\u00b7legi Claret\",\"isPartOf\":{\"@id\":\"https:\\\/\\\/claretsabadell.cat\\\/es\\\/#website\"},\"datePublished\":\"2020-05-21T08:46:51+00:00\",\"dateModified\":\"2024-04-05T12:12:25+00:00\",\"breadcrumb\":{\"@id\":\"https:\\\/\\\/claretsabadell.cat\\\/es\\\/himno\\\/#breadcrumb\"},\"inLanguage\":\"es\",\"potentialAction\":[{\"@type\":\"ReadAction\",\"target\":[\"https:\\\/\\\/claretsabadell.cat\\\/es\\\/himno\\\/\"]}]},{\"@type\":\"BreadcrumbList\",\"@id\":\"https:\\\/\\\/claretsabadell.cat\\\/es\\\/himno\\\/#breadcrumb\",\"itemListElement\":[{\"@type\":\"ListItem\",\"position\":1,\"name\":\"Inici\",\"item\":\"https:\\\/\\\/claretsabadell.cat\\\/es\\\/\"},{\"@type\":\"ListItem\",\"position\":2,\"name\":\"Himno\"}]},{\"@type\":\"WebSite\",\"@id\":\"https:\\\/\\\/claretsabadell.cat\\\/es\\\/#website\",\"url\":\"https:\\\/\\\/claretsabadell.cat\\\/es\\\/\",\"name\":\"Col\u00b7legi Claret\",\"description\":\"Educaci\u00f3 infantil, educaci\u00f3 prim\u00e0ria, ESO a Sabadell\",\"publisher\":{\"@id\":\"https:\\\/\\\/claretsabadell.cat\\\/es\\\/#organization\"},\"potentialAction\":[{\"@type\":\"SearchAction\",\"target\":{\"@type\":\"EntryPoint\",\"urlTemplate\":\"https:\\\/\\\/claretsabadell.cat\\\/es\\\/?s={search_term_string}\"},\"query-input\":{\"@type\":\"PropertyValueSpecification\",\"valueRequired\":true,\"valueName\":\"search_term_string\"}}],\"inLanguage\":\"es\"},{\"@type\":\"Organization\",\"@id\":\"https:\\\/\\\/claretsabadell.cat\\\/es\\\/#organization\",\"name\":\"Col\u00b7legi Claret Sabadell\",\"url\":\"https:\\\/\\\/claretsabadell.cat\\\/es\\\/\",\"logo\":{\"@type\":\"ImageObject\",\"inLanguage\":\"es\",\"@id\":\"https:\\\/\\\/claretsabadell.cat\\\/es\\\/#\\\/schema\\\/logo\\\/image\\\/\",\"url\":\"https:\\\/\\\/claretsabadell.cat\\\/wp-content\\\/uploads\\\/2020\\\/05\\\/claretsabadell.png\",\"contentUrl\":\"https:\\\/\\\/claretsabadell.cat\\\/wp-content\\\/uploads\\\/2020\\\/05\\\/claretsabadell.png\",\"width\":296,\"height\":100,\"caption\":\"Col\u00b7legi Claret Sabadell\"},\"image\":{\"@id\":\"https:\\\/\\\/claretsabadell.cat\\\/es\\\/#\\\/schema\\\/logo\\\/image\\\/\"},\"sameAs\":[\"https:\\\/\\\/www.facebook.com\\\/ClaretSabadell\\\/\",\"https:\\\/\\\/www.instagram.com\\\/claretsabadell\\\/\"]}]}<\/script>\n<!-- \/ Yoast SEO plugin. -->","yoast_head_json":{"title":"Himno - Col\u00b7legi Claret","robots":{"index":"index","follow":"follow","max-snippet":"max-snippet:-1","max-image-preview":"max-image-preview:large","max-video-preview":"max-video-preview:-1"},"canonical":"https:\/\/claretsabadell.cat\/es\/himno\/","og_locale":"es_ES","og_type":"article","og_title":"Himno - Col\u00b7legi Claret","og_description":"Himno Himno del Colegio Claret Cantem companys, cantem una can\u00e7\u00f3, que alegri nostra vida que abrandi el nostre amor. Cantem, cantem, de joia els cors omplerts, un himne de lloan\u00e7a al col\u00b7legi Claret, un himne de lloan\u00e7a al col\u00b7legi Claret. Ens ensenya el cam\u00ed que duu la vida, ens ensenya el cam\u00ed que duu l\u2019amor, [&hellip;]","og_url":"https:\/\/claretsabadell.cat\/es\/himno\/","og_site_name":"Col\u00b7legi Claret","article_publisher":"https:\/\/www.facebook.com\/ClaretSabadell\/","article_modified_time":"2024-04-05T12:12:25+00:00","twitter_misc":{"Tiempo de lectura":"1 minuto"},"schema":{"@context":"https:\/\/schema.org","@graph":[{"@type":"WebPage","@id":"https:\/\/claretsabadell.cat\/es\/himno\/","url":"https:\/\/claretsabadell.cat\/es\/himno\/","name":"Himno - Col\u00b7legi Claret","isPartOf":{"@id":"https:\/\/claretsabadell.cat\/es\/#website"},"datePublished":"2020-05-21T08:46:51+00:00","dateModified":"2024-04-05T12:12:25+00:00","breadcrumb":{"@id":"https:\/\/claretsabadell.cat\/es\/himno\/#breadcrumb"},"inLanguage":"es","potentialAction":[{"@type":"ReadAction","target":["https:\/\/claretsabadell.cat\/es\/himno\/"]}]},{"@type":"BreadcrumbList","@id":"https:\/\/claretsabadell.cat\/es\/himno\/#breadcrumb","itemListElement":[{"@type":"ListItem","position":1,"name":"Inici","item":"https:\/\/claretsabadell.cat\/es\/"},{"@type":"ListItem","position":2,"name":"Himno"}]},{"@type":"WebSite","@id":"https:\/\/claretsabadell.cat\/es\/#website","url":"https:\/\/claretsabadell.cat\/es\/","name":"Col\u00b7legi Claret","description":"Educaci\u00f3 infantil, educaci\u00f3 prim\u00e0ria, ESO a Sabadell","publisher":{"@id":"https:\/\/claretsabadell.cat\/es\/#organization"},"potentialAction":[{"@type":"SearchAction","target":{"@type":"EntryPoint","urlTemplate":"https:\/\/claretsabadell.cat\/es\/?s={search_term_string}"},"query-input":{"@type":"PropertyValueSpecification","valueRequired":true,"valueName":"search_term_string"}}],"inLanguage":"es"},{"@type":"Organization","@id":"https:\/\/claretsabadell.cat\/es\/#organization","name":"Col\u00b7legi Claret Sabadell","url":"https:\/\/claretsabadell.cat\/es\/","logo":{"@type":"ImageObject","inLanguage":"es","@id":"https:\/\/claretsabadell.cat\/es\/#\/schema\/logo\/image\/","url":"https:\/\/claretsabadell.cat\/wp-content\/uploads\/2020\/05\/claretsabadell.png","contentUrl":"https:\/\/claretsabadell.cat\/wp-content\/uploads\/2020\/05\/claretsabadell.png","width":296,"height":100,"caption":"Col\u00b7legi Claret Sabadell"},"image":{"@id":"https:\/\/claretsabadell.cat\/es\/#\/schema\/logo\/image\/"},"sameAs":["https:\/\/www.facebook.com\/ClaretSabadell\/","https:\/\/www.instagram.com\/claretsabadell\/"]}]}},"_links":{"self":[{"href":"https:\/\/claretsabadell.cat\/es\/wp-json\/wp\/v2\/pages\/7461","targetHints":{"allow":["GET"]}}],"collection":[{"href":"https:\/\/claretsabadell.cat\/es\/wp-json\/wp\/v2\/pages"}],"about":[{"href":"https:\/\/claretsabadell.cat\/es\/wp-json\/wp\/v2\/types\/page"}],"author":[{"embeddable":true,"href":"https:\/\/claretsabadell.cat\/es\/wp-json\/wp\/v2\/users\/2"}],"replies":[{"embeddable":true,"href":"https:\/\/claretsabadell.cat\/es\/wp-json\/wp\/v2\/comments?post=7461"}],"version-history":[{"count":2,"href":"https:\/\/claretsabadell.cat\/es\/wp-json\/wp\/v2\/pages\/7461\/revisions"}],"predecessor-version":[{"id":8058,"href":"https:\/\/claretsabadell.cat\/es\/wp-json\/wp\/v2\/pages\/7461\/revisions\/8058"}],"wp:attachment":[{"href":"https:\/\/claretsabadell.cat\/es\/wp-json\/wp\/v2\/media?parent=7461"}],"curies":[{"name":"wp","href":"https:\/\/api.w.org\/{rel}","templated":true}]}}